{"id":25971,"date":"2022-01-07T12:53:41","date_gmt":"2022-01-07T12:53:41","guid":{"rendered":"https:\/\/www.pole-ressources-handicap29.fr\/?page_id=25971"},"modified":"2025-07-04T06:20:15","modified_gmt":"2025-07-04T06:20:15","slug":"qui-sommes-nous","status":"publish","type":"page","link":"https:\/\/www.pole-ressources-handicap29.fr\/qui-sommes-nous\/","title":{"rendered":"Qui sommes-nous?"},"content":{"rendered":"<h5><b><u>Historique<\/u><\/b><\/h5>\n<p>En 2011, une enqu\u00eate men\u00e9e par la CAF du Finist\u00e8re Nord sur son territoire met l&rsquo;accent sur le manque de lisibilit\u00e9 de l&rsquo;offre d&rsquo;accueil par les structures collectives \u00e0 destination des familles accompagnant un enfant en situation de handicap ou malade chronique. Cette enqu\u00eate r\u00e9v\u00e8le \u00e9galement l&rsquo;absence d&rsquo;information de mani\u00e8re g\u00e9n\u00e9rale ainsi que le nombre limit\u00e9 de places dans certaines structures d&rsquo;accueil.<\/p>\n<p>En 2016, c&rsquo;est le manque de lien entre les diff\u00e9rents acteurs (de l&rsquo;\u00e9ducation populaire, de l&rsquo;\u00e9ducation nationale et du milieu sp\u00e9cialis\u00e9) qui est mis en lumi\u00e8re ainsi que la difficult\u00e9 des institutions et des acteurs du terrain \u00e0 travailler en transversalit\u00e9.<\/p>\n<p>En 2021, en r\u00e9ponse partielle \u00e0 ce constat, le P\u00f4le Ressources Handicap (PRH29) est mis en place sous l&rsquo;impulsion de la CAF. Quatre associations vont se joindre au projet:<\/p>\n<ul>\n<li>L&rsquo;association des Cem\u00e9a Bretagne qui est l&rsquo;un des premiers organismes formateur de la r\u00e9gion et qui intervient dans des domaines vari\u00e9s tels que la culture, le handicap, la sant\u00e9 mentale&#8230;<\/li>\n<li>L&rsquo;association Epal qui a pour vocation de d\u00e9velopper les loisirs, les vacances et l&rsquo;\u00e9ducation populaire pour tous via ses services d\u00e9di\u00e9s.<\/li>\n<li>La f\u00e9d\u00e9ration D\u00e9partementale Familles Rurales du Finist\u00e8re qui a pour objectif de faire du d\u00e9veloppement social local pour \u00ab\u00a0un mieux vivre ensemble\u00a0\u00bb sur les territoires ruraux.<\/li>\n<li>L&rsquo;association Plan\u00e8te Loisirs qui a pour objet de favoriser la rencontre et le partage de temps de loisirs et d&rsquo;activit\u00e9s pour tous sur la r\u00e9gion Brestoise, quelles que soient la ou les diff\u00e9rences.<\/li>\n<\/ul>\n<p>En 2024, 3 associations poursuivent l&rsquo;aventure aupr\u00e8s du PRH29<\/p>\n<ul class=\"slider\">\n<li>\n<figure><img decoding=\"async\" src=\"https:\/\/www.pole-ressources-handicap29.fr\/app\/uploads\/sites\/66\/2022\/01\/Logo-Epal-150x150.jpg\" alt=\"Logo Epal\" \/><\/figure>\n<\/li>\n<li>\n<figure><img decoding=\"async\" src=\"https:\/\/www.pole-ressources-handicap29.fr\/app\/uploads\/sites\/66\/2022\/01\/Logo-Planete-Loisirs-150x150.jpeg\" alt=\"Logo Plan\u00e8te Loisirs\" \/><\/figure>\n<\/li>\n<li>\n<figure><img decoding=\"async\" src=\"https:\/\/www.pole-ressources-handicap29.fr\/app\/uploads\/sites\/66\/2022\/01\/Logo-Familles-Rurales-Finistere-150x150.png\" alt=\"Logo Familles Rurales\" \/><\/figure>\n<\/li>\n<\/ul>\n<p>&nbsp;<\/p>\n<h5><b><u>Notre public<\/u><\/b><\/h5>\n<p>Le P\u00f4le Ressources Handicap 29 \u0153uvre pour l&rsquo;inclusion des enfants de 0 \u00e0 17 ans en situation de handicap ou malades (reconnu ou avec diagnostic en cours). L&rsquo;objectif premier est de permettre \u00e0 chaque enfant d&rsquo;avoir une place avec les autres sur des temps de loisirs. Pour se faire, notre p\u00f4le ressources intervient aupr\u00e8s des:<\/p>\n<p><b>Familles<\/b>: accompagnant un enfant en situation de handicap ou malade (reconnu ou avec un diagnostic en cours) \u00e2g\u00e9s de 0 \u00e0 17 ans.<\/p>\n<p><b style=\"color: var(--global-palette4);font-family: var(--global-body-font-family)\">Structures et professionnels<\/b>:<\/p>\n<ul>\n<li>De la petite enfance: \u00e9tablissements d&rsquo;accueil du jeune enfant, assistantes maternelles, RAM, MAM&#8230;<\/li>\n<li>De l&rsquo;enfance: accueils de loisirs sans h\u00e9bergement p\u00e9riscolaire et extrascolaire, organisateurs de s\u00e9jours de vacances&#8230;<\/li>\n<li>De la jeunesse: accueils de loisirs sans h\u00e9bergement, accueils jeunes, organisateurs de s\u00e9jours de vacances&#8230;<\/li>\n<li>De la parentalit\u00e9: lieux d&rsquo;accueil enfant-parents, CLAS, EPA, EPE&#8230;<\/li>\n<\/ul>\n<h5><u><b>Nos missions<\/b><\/u><\/h5>\n<p>L&rsquo;accueil, l&rsquo;orientation et l&rsquo;accompagnement des familles dans leurs parcours:<\/p>\n<ul>\n<li>L&rsquo;accueil des parents cherchant une structure en milieu ordinaire.<\/li>\n<li>L&rsquo;orientation des parents vers les diff\u00e9rents partenaires.<\/li>\n<li>Le soutien des parents dans les d\u00e9marches d&rsquo;inscription et d&rsquo;accueil.<\/li>\n<\/ul>\n<p>L&rsquo;accompagnement des professionnels et des \u00e9quipes \u00e0 l&rsquo;accueil:<\/p>\n<ul>\n<li>La sensibilisation \u00e0 l&rsquo;accueil d&rsquo;enfants et de jeunes en situation de handicap.<\/li>\n<li>La mise \u00e0 disposition d&rsquo;outils et des temps de sensibilisation \u00e0 leur utilisation.<\/li>\n<li>La r\u00e9flexion et la mise en \u0153uvre du projet d&rsquo;accueil.<\/li>\n<li>Le suivi des \u00e9quipes et l&rsquo;analyse de pratiques.<\/li>\n<\/ul>\n<p>Le maillage avec les partenaires:<\/p>\n<ul>\n<li>D\u00e9veloppement de liens et mise en r\u00e9seau des institutions (CAF29, CD29, DDCS29, MDPH, ARS, MSA), des associations, des acteurs locaux et des professionnels du milieu sp\u00e9cialis\u00e9 ou m\u00e9dico-social \u00e0 une \u00e9chelle d\u00e9partementale et territoriale.<\/li>\n<\/ul>\n<p>La sensibilisation pour changer les regards:<\/p>\n<ul>\n<li>Par l&rsquo;organisation de temps forts comme la journ\u00e9e d\u00e9partementale.<\/li>\n<li>Par la cr\u00e9ation de supports et outils de sensibilisation.<\/li>\n<li>Par l&rsquo;animation de temps d&rsquo;\u00e9changes tous publics (exemple: Handiscussion).<\/li>\n<\/ul>\n<p>La plaquette de pr\u00e9sentation du PRH29 est disponible au format pdf: <a href=\"https:\/\/www.pole-ressources-handicap29.fr\/app\/uploads\/sites\/66\/2025\/07\/PRH29-Plaquette-fond-perdu-2mm-050325.pdf\">Plaquette PRH29<\/a><\/p>\n","protected":false},"excerpt":{"rendered":"<p>Historique En 2011, une enqu\u00eate men\u00e9e par la CAF du Finist\u00e8re Nord sur son territoire met l&rsquo;accent sur le manque de lisibilit\u00e9 de l&rsquo;offre d&rsquo;accueil par les structures collectives \u00e0 destination des familles accompagnant un enfant en situation de handicap ou malade chronique. Cette enqu\u00eate r\u00e9v\u00e8le \u00e9galement l&rsquo;absence d&rsquo;information de mani\u00e8re g\u00e9n\u00e9rale ainsi que le&#8230;<\/p>\n","protected":false},"author":1238,"featured_media":0,"parent":0,"menu_order":0,"comment_status":"closed","ping_status":"closed","template":"","meta":{"_kad_post_transparent":"default","_kad_post_title":"hide","_kad_post_layout":"fullwidth","_kad_post_sidebar_id":"","_kad_post_content_style":"unboxed","_kad_post_vertical_padding":"hide","_kad_post_feature":"hide","_kad_post_feature_position":"","_kad_post_header":false,"_kad_post_footer":false,"footnotes":""},"yoast_head":"<!-- This site is optimized with the Yoast SEO plugin v19.2 - https:\/\/yoast.com\/wordpress\/plugins\/seo\/ -->\n<title>Qui sommes-nous? - Handicap - PR29 Finist\u00e8re<\/title>\n<meta name=\"description\" content=\"Le PRH29 \u0153uvre pour l&#039;inclusion des enfants de 0 \u00e0 17 ans en situation de handicap ou malades (reconnu ou avec diagnostic en cours).\" \/>\n<meta name=\"robots\" content=\"index, follow, max-snippet:-1, max-image-preview:large, max-video-preview:-1\" \/>\n<link rel=\"canonical\" href=\"https:\/\/www.pole-ressources-handicap29.fr\/qui-sommes-nous\/\" \/>\n<meta property=\"og:locale\" content=\"fr_FR\" \/>\n<meta property=\"og:type\" content=\"article\" \/>\n<meta property=\"og:url\" content=\"https:\/\/www.pole-ressources-handicap29.fr\/qui-sommes-nous\/\" \/>\n<meta property=\"og:site_name\" content=\"P\u00f4le Ressources Handicap 29\" \/>\n<meta property=\"article:modified_time\" content=\"2025-07-04T06:20:15+00:00\" \/>\n<meta property=\"og:image\" content=\"https:\/\/www.pole-ressources-handicap29.fr\/app\/uploads\/sites\/66\/2022\/01\/Logo-Epal-150x150.jpg\" \/>\n<meta name=\"author\" content=\"prh29\" \/>\n<meta name=\"twitter:card\" content=\"summary_large_image\" \/>\n<meta name=\"twitter:label1\" content=\"Est. reading time\" \/>\n\t<meta name=\"twitter:data1\" content=\"4 minutes\" \/>\n<script type=\"application\/ld+json\" class=\"yoast-schema-graph\">{\"@context\":\"https:\/\/schema.org\",\"@graph\":[{\"@type\":\"Organization\",\"@id\":\"https:\/\/www.pole-ressources-handicap29.fr\/#organization\",\"name\":\"P\u00f4le Ressources Handicap 29\",\"url\":\"https:\/\/www.pole-ressources-handicap29.fr\/\",\"sameAs\":[],\"logo\":{\"@type\":\"ImageObject\",\"inLanguage\":\"fr-FR\",\"@id\":\"https:\/\/www.pole-ressources-handicap29.fr\/#\/schema\/logo\/image\/\",\"url\":\"https:\/\/www.pole-ressources-handicap29.fr\/app\/uploads\/sites\/66\/2021\/04\/cropped-logo-PRH-29-1.jpg\",\"contentUrl\":\"https:\/\/www.pole-ressources-handicap29.fr\/app\/uploads\/sites\/66\/2021\/04\/cropped-logo-PRH-29-1.jpg\",\"width\":512,\"height\":512,\"caption\":\"P\u00f4le Ressources Handicap 29\"},\"image\":{\"@id\":\"https:\/\/www.pole-ressources-handicap29.fr\/#\/schema\/logo\/image\/\"}},{\"@type\":\"WebSite\",\"@id\":\"https:\/\/www.pole-ressources-handicap29.fr\/#website\",\"url\":\"https:\/\/www.pole-ressources-handicap29.fr\/\",\"name\":\"P\u00f4le Ressources Handicap 29\",\"description\":\"Service d\u00e9di\u00e9 aux familles et aux professionnels\",\"publisher\":{\"@id\":\"https:\/\/www.pole-ressources-handicap29.fr\/#organization\"},\"potentialAction\":[{\"@type\":\"SearchAction\",\"target\":{\"@type\":\"EntryPoint\",\"urlTemplate\":\"https:\/\/www.pole-ressources-handicap29.fr\/?s={search_term_string}\"},\"query-input\":\"required name=search_term_string\"}],\"inLanguage\":\"fr-FR\"},{\"@type\":\"ImageObject\",\"inLanguage\":\"fr-FR\",\"@id\":\"https:\/\/www.pole-ressources-handicap29.fr\/qui-sommes-nous\/#primaryimage\",\"url\":\"https:\/\/www.pole-ressources-handicap29.fr\/app\/uploads\/sites\/66\/2022\/01\/Logo-Epal.jpg\",\"contentUrl\":\"https:\/\/www.pole-ressources-handicap29.fr\/app\/uploads\/sites\/66\/2022\/01\/Logo-Epal.jpg\",\"width\":400,\"height\":400,\"caption\":\"Epal\"},{\"@type\":\"WebPage\",\"@id\":\"https:\/\/www.pole-ressources-handicap29.fr\/qui-sommes-nous\/#webpage\",\"url\":\"https:\/\/www.pole-ressources-handicap29.fr\/qui-sommes-nous\/\",\"name\":\"Qui sommes-nous? - Handicap - PR29 Finist\u00e8re\",\"isPartOf\":{\"@id\":\"https:\/\/www.pole-ressources-handicap29.fr\/#website\"},\"primaryImageOfPage\":{\"@id\":\"https:\/\/www.pole-ressources-handicap29.fr\/qui-sommes-nous\/#primaryimage\"},\"datePublished\":\"2022-01-07T12:53:41+00:00\",\"dateModified\":\"2025-07-04T06:20:15+00:00\",\"description\":\"Le PRH29 \u0153uvre pour l'inclusion des enfants de 0 \u00e0 17 ans en situation de handicap ou malades (reconnu ou avec diagnostic en cours).\",\"breadcrumb\":{\"@id\":\"https:\/\/www.pole-ressources-handicap29.fr\/qui-sommes-nous\/#breadcrumb\"},\"inLanguage\":\"fr-FR\",\"potentialAction\":[{\"@type\":\"ReadAction\",\"target\":[\"https:\/\/www.pole-ressources-handicap29.fr\/qui-sommes-nous\/\"]}]},{\"@type\":\"BreadcrumbList\",\"@id\":\"https:\/\/www.pole-ressources-handicap29.fr\/qui-sommes-nous\/#breadcrumb\",\"itemListElement\":[{\"@type\":\"ListItem\",\"position\":1,\"name\":\"Qui sommes-nous?\"}]}]}<\/script>\n<!-- \/ Yoast SEO plugin. -->","yoast_head_json":{"title":"Qui sommes-nous? - Handicap - PR29 Finist\u00e8re","description":"Le PRH29 \u0153uvre pour l'inclusion des enfants de 0 \u00e0 17 ans en situation de handicap ou malades (reconnu ou avec diagnostic en cours).","robots":{"index":"index","follow":"follow","max-snippet":"max-snippet:-1","max-image-preview":"max-image-preview:large","max-video-preview":"max-video-preview:-1"},"canonical":"https:\/\/www.pole-ressources-handicap29.fr\/qui-sommes-nous\/","og_locale":"fr_FR","og_type":"article","og_url":"https:\/\/www.pole-ressources-handicap29.fr\/qui-sommes-nous\/","og_site_name":"P\u00f4le Ressources Handicap 29","article_modified_time":"2025-07-04T06:20:15+00:00","og_image":[{"url":"https:\/\/www.pole-ressources-handicap29.fr\/app\/uploads\/sites\/66\/2022\/01\/Logo-Epal-150x150.jpg"}],"author":"prh29","twitter_card":"summary_large_image","twitter_misc":{"Est. reading time":"4 minutes"},"schema":{"@context":"https:\/\/schema.org","@graph":[{"@type":"Organization","@id":"https:\/\/www.pole-ressources-handicap29.fr\/#organization","name":"P\u00f4le Ressources Handicap 29","url":"https:\/\/www.pole-ressources-handicap29.fr\/","sameAs":[],"logo":{"@type":"ImageObject","inLanguage":"fr-FR","@id":"https:\/\/www.pole-ressources-handicap29.fr\/#\/schema\/logo\/image\/","url":"https:\/\/www.pole-ressources-handicap29.fr\/app\/uploads\/sites\/66\/2021\/04\/cropped-logo-PRH-29-1.jpg","contentUrl":"https:\/\/www.pole-ressources-handicap29.fr\/app\/uploads\/sites\/66\/2021\/04\/cropped-logo-PRH-29-1.jpg","width":512,"height":512,"caption":"P\u00f4le Ressources Handicap 29"},"image":{"@id":"https:\/\/www.pole-ressources-handicap29.fr\/#\/schema\/logo\/image\/"}},{"@type":"WebSite","@id":"https:\/\/www.pole-ressources-handicap29.fr\/#website","url":"https:\/\/www.pole-ressources-handicap29.fr\/","name":"P\u00f4le Ressources Handicap 29","description":"Service d\u00e9di\u00e9 aux familles et aux professionnels","publisher":{"@id":"https:\/\/www.pole-ressources-handicap29.fr\/#organization"},"potentialAction":[{"@type":"SearchAction","target":{"@type":"EntryPoint","urlTemplate":"https:\/\/www.pole-ressources-handicap29.fr\/?s={search_term_string}"},"query-input":"required name=search_term_string"}],"inLanguage":"fr-FR"},{"@type":"ImageObject","inLanguage":"fr-FR","@id":"https:\/\/www.pole-ressources-handicap29.fr\/qui-sommes-nous\/#primaryimage","url":"https:\/\/www.pole-ressources-handicap29.fr\/app\/uploads\/sites\/66\/2022\/01\/Logo-Epal.jpg","contentUrl":"https:\/\/www.pole-ressources-handicap29.fr\/app\/uploads\/sites\/66\/2022\/01\/Logo-Epal.jpg","width":400,"height":400,"caption":"Epal"},{"@type":"WebPage","@id":"https:\/\/www.pole-ressources-handicap29.fr\/qui-sommes-nous\/#webpage","url":"https:\/\/www.pole-ressources-handicap29.fr\/qui-sommes-nous\/","name":"Qui sommes-nous? - Handicap - PR29 Finist\u00e8re","isPartOf":{"@id":"https:\/\/www.pole-ressources-handicap29.fr\/#website"},"primaryImageOfPage":{"@id":"https:\/\/www.pole-ressources-handicap29.fr\/qui-sommes-nous\/#primaryimage"},"datePublished":"2022-01-07T12:53:41+00:00","dateModified":"2025-07-04T06:20:15+00:00","description":"Le PRH29 \u0153uvre pour l'inclusion des enfants de 0 \u00e0 17 ans en situation de handicap ou malades (reconnu ou avec diagnostic en cours).","breadcrumb":{"@id":"https:\/\/www.pole-ressources-handicap29.fr\/qui-sommes-nous\/#breadcrumb"},"inLanguage":"fr-FR","potentialAction":[{"@type":"ReadAction","target":["https:\/\/www.pole-ressources-handicap29.fr\/qui-sommes-nous\/"]}]},{"@type":"BreadcrumbList","@id":"https:\/\/www.pole-ressources-handicap29.fr\/qui-sommes-nous\/#breadcrumb","itemListElement":[{"@type":"ListItem","position":1,"name":"Qui sommes-nous?"}]}]}},"featured_image_src_large":false,"author_info":{"display_name":"prh29","author_link":"https:\/\/www.pole-ressources-handicap29.fr\/author\/prh29\/"},"comment_info":0,"taxonomy_info":[],"_links":{"self":[{"href":"https:\/\/www.pole-ressources-handicap29.fr\/api\/wp\/v2\/pages\/25971"}],"collection":[{"href":"https:\/\/www.pole-ressources-handicap29.fr\/api\/wp\/v2\/pages"}],"about":[{"href":"https:\/\/www.pole-ressources-handicap29.fr\/api\/wp\/v2\/types\/page"}],"author":[{"embeddable":true,"href":"https:\/\/www.pole-ressources-handicap29.fr\/api\/wp\/v2\/users\/1238"}],"replies":[{"embeddable":true,"href":"https:\/\/www.pole-ressources-handicap29.fr\/api\/wp\/v2\/comments?post=25971"}],"version-history":[{"count":7,"href":"https:\/\/www.pole-ressources-handicap29.fr\/api\/wp\/v2\/pages\/25971\/revisions"}],"predecessor-version":[{"id":26852,"href":"https:\/\/www.pole-ressources-handicap29.fr\/api\/wp\/v2\/pages\/25971\/revisions\/26852"}],"wp:attachment":[{"href":"https:\/\/www.pole-ressources-handicap29.fr\/api\/wp\/v2\/media?parent=25971"}],"curies":[{"name":"wp","href":"https:\/\/api.w.org\/{rel}","templated":true}]}}