{"id":25956,"date":"2022-01-04T19:48:05","date_gmt":"2022-01-04T19:48:05","guid":{"rendered":"https:\/\/www.pole-ressources-handicap29.fr\/?page_id=25956"},"modified":"2022-01-31T14:28:47","modified_gmt":"2022-01-31T14:28:47","slug":"nos-partenaires","status":"publish","type":"page","link":"https:\/\/www.pole-ressources-handicap29.fr\/nos-partenaires\/","title":{"rendered":"Partenaires"},"content":{"rendered":"\t\t<div data-elementor-type=\"wp-page\" data-elementor-id=\"25956\" class=\"elementor elementor-25956\">\n\t\t\t\t\t\t\t\t\t<section class=\"elementor-section elementor-top-section elementor-element elementor-element-633d985 elementor-section-boxed elementor-section-height-default elementor-section-height-default\" data-id=\"633d985\" data-element_type=\"section\">\n\t\t\t\t\t\t<div class=\"elementor-container elementor-column-gap-default\">\n\t\t\t\t\t<div class=\"elementor-column elementor-col-100 elementor-top-column elementor-element elementor-element-be8a05e\" data-id=\"be8a05e\" data-element_type=\"column\">\n\t\t\t<div class=\"elementor-widget-wrap elementor-element-populated\">\n\t\t\t\t\t\t\t\t<div class=\"elementor-element elementor-element-90b1c29 elementor-widget elementor-widget-text-editor\" data-id=\"90b1c29\" data-element_type=\"widget\" data-widget_type=\"text-editor.default\">\n\t\t\t\t<div class=\"elementor-widget-container\">\n\t\t\t\t\t\t\t<p>L&rsquo;inclusion par les loisirs et en milieu ordinaire se construit \u00e0 plusieurs et n\u00e9cessite les comp\u00e9tences et les savoirs de diff\u00e9rents acteurs. Notre action n&rsquo;est possible qu&rsquo;avec l&rsquo;aide de partenaires. C&rsquo;est pourquoi, le P\u00f4le Ressources Handicap 29 veillent \u00e0 d\u00e9velopper des liens durables et solides, notamment aupr\u00e8s de certaines grandes institutions. Les partenaires nomm\u00e9s ci-dessous font partie du comit\u00e9 de pilotage du PRH29.<\/p><p><b><u>La CAF 29<\/u><\/b><\/p><p>La Caisse d&rsquo;Allocations Familiales du Finist\u00e8re est le partenaire privil\u00e9gi\u00e9 du PRH29. Nous travaillons avec les \u00e9quipes territoriales CAF sur la th\u00e9matique du handicap \u00e0 l&rsquo;\u00e9chelle des territoires. Ce soutien compl\u00e9mentaire apporte \u00e9galement aux \u00e9lus et aux techniciens une r\u00e9flexion sur l&rsquo;accueil, les soutiens techniques et financiers possibles.<\/p>\t\t\t\t\t\t<\/div>\n\t\t\t\t<\/div>\n\t\t\t\t<div class=\"elementor-element elementor-element-621a41a elementor-widget elementor-widget-image\" data-id=\"621a41a\" data-element_type=\"widget\" data-widget_type=\"image.default\">\n\t\t\t\t<div class=\"elementor-widget-container\">\n\t\t\t\t\t\t\t\t\t\t\t\t\t\t\t<img decoding=\"async\" width=\"200\" height=\"200\" src=\"https:\/\/www.pole-ressources-handicap29.fr\/app\/uploads\/sites\/66\/2022\/01\/Logo-Caf-Finistere.jpg\" class=\"attachment-medium_large size-medium_large wp-image-26216\" alt=\"Logo Caf Finist\u00e8re\" srcset=\"https:\/\/www.pole-ressources-handicap29.fr\/app\/uploads\/sites\/66\/2022\/01\/Logo-Caf-Finistere.jpg 200w, https:\/\/www.pole-ressources-handicap29.fr\/app\/uploads\/sites\/66\/2022\/01\/Logo-Caf-Finistere-150x150.jpg 150w\" sizes=\"(max-width: 200px) 100vw, 200px\" \/>\t\t\t\t\t\t\t\t\t\t\t\t\t\t\t<\/div>\n\t\t\t\t<\/div>\n\t\t\t\t\t<\/div>\n\t\t<\/div>\n\t\t\t\t\t\t\t<\/div>\n\t\t<\/section>\n\t\t\t\t<section class=\"elementor-section elementor-top-section elementor-element elementor-element-e7b8ab5 elementor-section-boxed elementor-section-height-default elementor-section-height-default\" data-id=\"e7b8ab5\" data-element_type=\"section\">\n\t\t\t\t\t\t<div class=\"elementor-container elementor-column-gap-default\">\n\t\t\t\t\t<div class=\"elementor-column elementor-col-100 elementor-top-column elementor-element elementor-element-5e1b09d\" data-id=\"5e1b09d\" data-element_type=\"column\">\n\t\t\t<div class=\"elementor-widget-wrap elementor-element-populated\">\n\t\t\t\t\t\t\t\t<div class=\"elementor-element elementor-element-ea96c92 elementor-widget elementor-widget-text-editor\" data-id=\"ea96c92\" data-element_type=\"widget\" data-widget_type=\"text-editor.default\">\n\t\t\t\t<div class=\"elementor-widget-container\">\n\t\t\t\t\t\t\t<p><b style=\"color: var(--global-palette4);font-family: var(--global-body-font-family)\"><u>Le Conseil D\u00e9partemental 29<\/u><\/b><\/p><p>Notre partenariat avec le Conseil D\u00e9partemental du Finist\u00e8re se d\u00e9cline \u00e0 l&rsquo;\u00e9chelle d\u00e9partementale (politique globale) mais aussi \u00e0 une \u00e9chelle plus territorialis\u00e9e en fonction des familles accompagn\u00e9es et de leurs besoins (notamment des familles d&rsquo;accueil). En lien avec les professionnels et les structures de la petite enfance, le Conseil D\u00e9partemental via la PMI est un des acteurs op\u00e9rationnels du P\u00f4le Ressources Handicap. Notre partenariat nous permet de relayer les actions men\u00e9es sur le territoire. Les professionnels du Conseil D\u00e9partemental sont au soutien des familles et des structures dans la pr\u00e9vention et l&rsquo;accompagnement de l&rsquo;enfant.<\/p>\t\t\t\t\t\t<\/div>\n\t\t\t\t<\/div>\n\t\t\t\t<div class=\"elementor-element elementor-element-c601122 elementor-widget elementor-widget-image\" data-id=\"c601122\" data-element_type=\"widget\" data-widget_type=\"image.default\">\n\t\t\t\t<div class=\"elementor-widget-container\">\n\t\t\t\t\t\t\t\t\t\t\t\t\t\t\t<img fetchpriority=\"high\" decoding=\"async\" width=\"300\" height=\"180\" src=\"https:\/\/www.pole-ressources-handicap29.fr\/app\/uploads\/sites\/66\/2022\/01\/Logo-Conseil-Departemental-29-300x180.png\" class=\"attachment-medium size-medium wp-image-26217\" alt=\"\" srcset=\"https:\/\/www.pole-ressources-handicap29.fr\/app\/uploads\/sites\/66\/2022\/01\/Logo-Conseil-Departemental-29-300x180.png 300w, https:\/\/www.pole-ressources-handicap29.fr\/app\/uploads\/sites\/66\/2022\/01\/Logo-Conseil-Departemental-29-1024x614.png 1024w, https:\/\/www.pole-ressources-handicap29.fr\/app\/uploads\/sites\/66\/2022\/01\/Logo-Conseil-Departemental-29-768x461.png 768w, https:\/\/www.pole-ressources-handicap29.fr\/app\/uploads\/sites\/66\/2022\/01\/Logo-Conseil-Departemental-29.png 1200w\" sizes=\"(max-width: 300px) 100vw, 300px\" \/>\t\t\t\t\t\t\t\t\t\t\t\t\t\t\t<\/div>\n\t\t\t\t<\/div>\n\t\t\t\t<div class=\"elementor-element elementor-element-988ba46 elementor-widget elementor-widget-text-editor\" data-id=\"988ba46\" data-element_type=\"widget\" data-widget_type=\"text-editor.default\">\n\t\t\t\t<div class=\"elementor-widget-container\">\n\t\t\t\t\t\t\t<p><u><b>L&rsquo;Education Nationale<\/b><\/u><\/p><p>Notre action est inconcevable sans un partenariat direct avec les professionnels de l&rsquo;Education Nationale. Les enseignants sont en relation direct avec les enfants, ils les accompagnent quotidiennement et sont force de proposition, notamment dans la mise en place d&rsquo;outils p\u00e9dagogiques. Notre \u00e9quipe PRH veille \u00e0 maintenir une coh\u00e9rence \u00e9ducative et elle effectue le lien avec le milieu p\u00e9riscolaire et extrascolaire. Assurer une continuit\u00e9 dans l&rsquo;utilisation des outils mis en place permet de donner des rep\u00e8res aux enfants accompagn\u00e9s et de faciliter leur inclusion. La mise en relation des diff\u00e9rents acteurs intervenants aupr\u00e8s de ce public (\u00e9quipes \u00e9ducatives, AESH&#8230;) est indispensable.<\/p>\t\t\t\t\t\t<\/div>\n\t\t\t\t<\/div>\n\t\t\t\t<div class=\"elementor-element elementor-element-01104a2 elementor-widget elementor-widget-image\" data-id=\"01104a2\" data-element_type=\"widget\" data-widget_type=\"image.default\">\n\t\t\t\t<div class=\"elementor-widget-container\">\n\t\t\t\t\t\t\t\t\t\t\t\t\t\t\t<img decoding=\"async\" width=\"300\" height=\"166\" src=\"https:\/\/www.pole-ressources-handicap29.fr\/app\/uploads\/sites\/66\/2022\/01\/Logo-Education-Nationale-300x166.png\" class=\"attachment-medium size-medium wp-image-26218\" alt=\"\" srcset=\"https:\/\/www.pole-ressources-handicap29.fr\/app\/uploads\/sites\/66\/2022\/01\/Logo-Education-Nationale-300x166.png 300w, https:\/\/www.pole-ressources-handicap29.fr\/app\/uploads\/sites\/66\/2022\/01\/Logo-Education-Nationale.png 520w\" sizes=\"(max-width: 300px) 100vw, 300px\" \/>\t\t\t\t\t\t\t\t\t\t\t\t\t\t\t<\/div>\n\t\t\t\t<\/div>\n\t\t\t\t<div class=\"elementor-element elementor-element-2aa6628 elementor-widget elementor-widget-text-editor\" data-id=\"2aa6628\" data-element_type=\"widget\" data-widget_type=\"text-editor.default\">\n\t\t\t\t<div class=\"elementor-widget-container\">\n\t\t\t\t\t\t\t<p><b style=\"color: var(--global-palette4);font-family: var(--global-body-font-family)\"><u>Le SDJES 29<\/u><\/b><\/p><p>Notre P\u00f4le Ressources Handicap est \u00e9galement en relation avec le Service D\u00e9partemental \u00e0 la Jeunesse, \u00e0 l&rsquo;Engagement aux Sports du Finist\u00e8re qui accompagne les accueils collectifs de mineurs sur le volet handicap en veillant \u00e0 ce que chaque enfant soit accueilli en structure collective (accueil de loisirs, s\u00e9jours de vacances&#8230;). Cet accueil n\u00e9cessite r\u00e9flexion et adaptation de la part de la structure et des \u00e9quipes. Le travail sur le projet personnalis\u00e9 peut b\u00e9n\u00e9ficier \u00e0 l&rsquo;ensemble des enfants accueillis.<\/p>\t\t\t\t\t\t<\/div>\n\t\t\t\t<\/div>\n\t\t\t\t<div class=\"elementor-element elementor-element-50f750e elementor-widget elementor-widget-image\" data-id=\"50f750e\" data-element_type=\"widget\" data-widget_type=\"image.default\">\n\t\t\t\t<div class=\"elementor-widget-container\">\n\t\t\t\t\t\t\t\t\t\t\t\t\t\t\t<img loading=\"lazy\" decoding=\"async\" width=\"150\" height=\"150\" src=\"https:\/\/www.pole-ressources-handicap29.fr\/app\/uploads\/sites\/66\/2022\/01\/Logo-SDJES-150x150.jpg\" class=\"attachment-thumbnail size-thumbnail wp-image-26219\" alt=\"Logo SDJES\" srcset=\"https:\/\/www.pole-ressources-handicap29.fr\/app\/uploads\/sites\/66\/2022\/01\/Logo-SDJES-150x150.jpg 150w, https:\/\/www.pole-ressources-handicap29.fr\/app\/uploads\/sites\/66\/2022\/01\/Logo-SDJES.jpg 225w\" sizes=\"(max-width: 150px) 100vw, 150px\" \/>\t\t\t\t\t\t\t\t\t\t\t\t\t\t\t<\/div>\n\t\t\t\t<\/div>\n\t\t\t\t<div class=\"elementor-element elementor-element-a6ff405 elementor-widget elementor-widget-text-editor\" data-id=\"a6ff405\" data-element_type=\"widget\" data-widget_type=\"text-editor.default\">\n\t\t\t\t<div class=\"elementor-widget-container\">\n\t\t\t\t\t\t\t<p><b style=\"color: var(--global-palette4);font-family: var(--global-body-font-family)\"><u>La Mutualit\u00e9 Sociale Agricole<\/u><\/b><\/p><p>Notre partenariat avec la Mutualit\u00e9 Sociale Agricole nous permet d&rsquo;accompagner des parents ressortissants et leurs enfants, notamment sur des territoires ruraux.<\/p>\t\t\t\t\t\t<\/div>\n\t\t\t\t<\/div>\n\t\t\t\t<div class=\"elementor-element elementor-element-9e3979f elementor-widget elementor-widget-image\" data-id=\"9e3979f\" data-element_type=\"widget\" data-widget_type=\"image.default\">\n\t\t\t\t<div class=\"elementor-widget-container\">\n\t\t\t\t\t\t\t\t\t\t\t\t\t\t\t<img loading=\"lazy\" decoding=\"async\" width=\"300\" height=\"167\" src=\"https:\/\/www.pole-ressources-handicap29.fr\/app\/uploads\/sites\/66\/2022\/01\/Logo-Mutualite-Sociale-Agricole-300x167.png\" class=\"attachment-medium size-medium wp-image-26220\" alt=\"Logo Mutualit\u00e9 Sociale Agricole\" srcset=\"https:\/\/www.pole-ressources-handicap29.fr\/app\/uploads\/sites\/66\/2022\/01\/Logo-Mutualite-Sociale-Agricole-300x167.png 300w, https:\/\/www.pole-ressources-handicap29.fr\/app\/uploads\/sites\/66\/2022\/01\/Logo-Mutualite-Sociale-Agricole-768x427.png 768w, https:\/\/www.pole-ressources-handicap29.fr\/app\/uploads\/sites\/66\/2022\/01\/Logo-Mutualite-Sociale-Agricole.png 900w\" sizes=\"(max-width: 300px) 100vw, 300px\" \/>\t\t\t\t\t\t\t\t\t\t\t\t\t\t\t<\/div>\n\t\t\t\t<\/div>\n\t\t\t\t<div class=\"elementor-element elementor-element-ca6161e elementor-widget elementor-widget-text-editor\" data-id=\"ca6161e\" data-element_type=\"widget\" data-widget_type=\"text-editor.default\">\n\t\t\t\t<div class=\"elementor-widget-container\">\n\t\t\t\t\t\t\t<p><b><u>L&rsquo;ARS<\/u><\/b><\/p><p>L&rsquo;Agence R\u00e9gionale de Sant\u00e9 avec sa d\u00e9l\u00e9gation 29 a pour mission de mettre en place la politique de sant\u00e9 sur le territoire. Facilitatrice du lien avec les structures m\u00e9dico-sociales, elle participe aussi activement au d\u00e9veloppement des contrats locaux de sant\u00e9 avec les aspirations des collectivit\u00e9s territoriales (notamment en lien avec la th\u00e9matique du handicap).<\/p>\t\t\t\t\t\t<\/div>\n\t\t\t\t<\/div>\n\t\t\t\t<div class=\"elementor-element elementor-element-6e01bfc elementor-widget elementor-widget-image\" data-id=\"6e01bfc\" data-element_type=\"widget\" data-widget_type=\"image.default\">\n\t\t\t\t<div class=\"elementor-widget-container\">\n\t\t\t\t\t\t\t\t\t\t\t\t\t\t\t<img loading=\"lazy\" decoding=\"async\" width=\"300\" height=\"201\" src=\"https:\/\/www.pole-ressources-handicap29.fr\/app\/uploads\/sites\/66\/2022\/01\/Logo-ARS-Bretagne-300x201.jpg\" class=\"attachment-medium size-medium wp-image-26642\" alt=\"\" srcset=\"https:\/\/www.pole-ressources-handicap29.fr\/app\/uploads\/sites\/66\/2022\/01\/Logo-ARS-Bretagne-300x201.jpg 300w, https:\/\/www.pole-ressources-handicap29.fr\/app\/uploads\/sites\/66\/2022\/01\/Logo-ARS-Bretagne.jpg 678w\" sizes=\"(max-width: 300px) 100vw, 300px\" \/>\t\t\t\t\t\t\t\t\t\t\t\t\t\t\t<\/div>\n\t\t\t\t<\/div>\n\t\t\t\t\t<\/div>\n\t\t<\/div>\n\t\t\t\t\t\t\t<\/div>\n\t\t<\/section>\n\t\t\t\t\t\t\t<\/div>\n\t\t","protected":false},"excerpt":{"rendered":"<p>L&rsquo;inclusion par les loisirs et en milieu ordinaire se construit \u00e0 plusieurs et n\u00e9cessite les comp\u00e9tences et les savoirs de diff\u00e9rents acteurs. Notre action n&rsquo;est possible qu&rsquo;avec l&rsquo;aide de partenaires. C&rsquo;est pourquoi, le P\u00f4le Ressources Handicap 29 veillent \u00e0 d\u00e9velopper des liens durables et solides, notamment aupr\u00e8s de certaines grandes institutions. Les partenaires nomm\u00e9s ci-dessous&#8230;<\/p>\n","protected":false},"author":1238,"featured_media":0,"parent":0,"menu_order":0,"comment_status":"closed","ping_status":"closed","template":"","meta":{"_kad_post_transparent":"","_kad_post_title":"hide","_kad_post_layout":"fullwidth","_kad_post_sidebar_id":"","_kad_post_content_style":"unboxed","_kad_post_vertical_padding":"hide","_kad_post_feature":"hide","_kad_post_feature_position":"","_kad_post_header":false,"_kad_post_footer":false,"footnotes":""},"yoast_head":"<!-- This site is optimized with the Yoast SEO plugin v19.2 - https:\/\/yoast.com\/wordpress\/plugins\/seo\/ -->\n<title>Partenaires - PR29 Finist\u00e8re<\/title>\n<meta name=\"description\" content=\"Le PRH29 veille \u00e0 d\u00e9velopper des liens durables et solides avec ses partenaires: CAF29, Conseil D\u00e9partemental 29, Education Nationale...\" \/>\n<meta name=\"robots\" content=\"index, follow, max-snippet:-1, max-image-preview:large, max-video-preview:-1\" \/>\n<link rel=\"canonical\" href=\"https:\/\/www.pole-ressources-handicap29.fr\/nos-partenaires\/\" \/>\n<meta property=\"og:locale\" content=\"fr_FR\" \/>\n<meta property=\"og:type\" content=\"article\" \/>\n<meta property=\"og:url\" content=\"https:\/\/www.pole-ressources-handicap29.fr\/nos-partenaires\/\" \/>\n<meta property=\"og:site_name\" content=\"P\u00f4le Ressources Handicap 29\" \/>\n<meta property=\"article:modified_time\" content=\"2022-01-31T14:28:47+00:00\" \/>\n<meta property=\"og:image\" content=\"https:\/\/www.pole-ressources-handicap29.fr\/app\/uploads\/sites\/66\/2022\/01\/Logo-Caf-Finistere.jpg\" \/>\n<meta name=\"author\" content=\"prh29\" \/>\n<meta name=\"twitter:card\" content=\"summary_large_image\" \/>\n<meta name=\"twitter:label1\" content=\"Est. reading time\" \/>\n\t<meta name=\"twitter:data1\" content=\"4 minutes\" \/>\n<script type=\"application\/ld+json\" class=\"yoast-schema-graph\">{\"@context\":\"https:\/\/schema.org\",\"@graph\":[{\"@type\":\"Organization\",\"@id\":\"https:\/\/www.pole-ressources-handicap29.fr\/#organization\",\"name\":\"P\u00f4le Ressources Handicap 29\",\"url\":\"https:\/\/www.pole-ressources-handicap29.fr\/\",\"sameAs\":[],\"logo\":{\"@type\":\"ImageObject\",\"inLanguage\":\"fr-FR\",\"@id\":\"https:\/\/www.pole-ressources-handicap29.fr\/#\/schema\/logo\/image\/\",\"url\":\"https:\/\/www.pole-ressources-handicap29.fr\/app\/uploads\/sites\/66\/2021\/04\/cropped-logo-PRH-29-1.jpg\",\"contentUrl\":\"https:\/\/www.pole-ressources-handicap29.fr\/app\/uploads\/sites\/66\/2021\/04\/cropped-logo-PRH-29-1.jpg\",\"width\":512,\"height\":512,\"caption\":\"P\u00f4le Ressources Handicap 29\"},\"image\":{\"@id\":\"https:\/\/www.pole-ressources-handicap29.fr\/#\/schema\/logo\/image\/\"}},{\"@type\":\"WebSite\",\"@id\":\"https:\/\/www.pole-ressources-handicap29.fr\/#website\",\"url\":\"https:\/\/www.pole-ressources-handicap29.fr\/\",\"name\":\"P\u00f4le Ressources Handicap 29\",\"description\":\"Service d\u00e9di\u00e9 aux familles et aux professionnels\",\"publisher\":{\"@id\":\"https:\/\/www.pole-ressources-handicap29.fr\/#organization\"},\"potentialAction\":[{\"@type\":\"SearchAction\",\"target\":{\"@type\":\"EntryPoint\",\"urlTemplate\":\"https:\/\/www.pole-ressources-handicap29.fr\/?s={search_term_string}\"},\"query-input\":\"required name=search_term_string\"}],\"inLanguage\":\"fr-FR\"},{\"@type\":\"ImageObject\",\"inLanguage\":\"fr-FR\",\"@id\":\"https:\/\/www.pole-ressources-handicap29.fr\/nos-partenaires\/#primaryimage\",\"url\":\"https:\/\/www.pole-ressources-handicap29.fr\/app\/uploads\/sites\/66\/2022\/01\/Logo-Caf-Finistere.jpg\",\"contentUrl\":\"https:\/\/www.pole-ressources-handicap29.fr\/app\/uploads\/sites\/66\/2022\/01\/Logo-Caf-Finistere.jpg\",\"width\":200,\"height\":200,\"caption\":\"Logo Caf Finist\u00e8re\"},{\"@type\":\"WebPage\",\"@id\":\"https:\/\/www.pole-ressources-handicap29.fr\/nos-partenaires\/#webpage\",\"url\":\"https:\/\/www.pole-ressources-handicap29.fr\/nos-partenaires\/\",\"name\":\"Partenaires - PR29 Finist\u00e8re\",\"isPartOf\":{\"@id\":\"https:\/\/www.pole-ressources-handicap29.fr\/#website\"},\"primaryImageOfPage\":{\"@id\":\"https:\/\/www.pole-ressources-handicap29.fr\/nos-partenaires\/#primaryimage\"},\"datePublished\":\"2022-01-04T19:48:05+00:00\",\"dateModified\":\"2022-01-31T14:28:47+00:00\",\"description\":\"Le PRH29 veille \u00e0 d\u00e9velopper des liens durables et solides avec ses partenaires: CAF29, Conseil D\u00e9partemental 29, Education Nationale...\",\"breadcrumb\":{\"@id\":\"https:\/\/www.pole-ressources-handicap29.fr\/nos-partenaires\/#breadcrumb\"},\"inLanguage\":\"fr-FR\",\"potentialAction\":[{\"@type\":\"ReadAction\",\"target\":[\"https:\/\/www.pole-ressources-handicap29.fr\/nos-partenaires\/\"]}]},{\"@type\":\"BreadcrumbList\",\"@id\":\"https:\/\/www.pole-ressources-handicap29.fr\/nos-partenaires\/#breadcrumb\",\"itemListElement\":[{\"@type\":\"ListItem\",\"position\":1,\"name\":\"Partenaires\"}]}]}<\/script>\n<!-- \/ Yoast SEO plugin. -->","yoast_head_json":{"title":"Partenaires - PR29 Finist\u00e8re","description":"Le PRH29 veille \u00e0 d\u00e9velopper des liens durables et solides avec ses partenaires: CAF29, Conseil D\u00e9partemental 29, Education Nationale...","robots":{"index":"index","follow":"follow","max-snippet":"max-snippet:-1","max-image-preview":"max-image-preview:large","max-video-preview":"max-video-preview:-1"},"canonical":"https:\/\/www.pole-ressources-handicap29.fr\/nos-partenaires\/","og_locale":"fr_FR","og_type":"article","og_url":"https:\/\/www.pole-ressources-handicap29.fr\/nos-partenaires\/","og_site_name":"P\u00f4le Ressources Handicap 29","article_modified_time":"2022-01-31T14:28:47+00:00","og_image":[{"url":"https:\/\/www.pole-ressources-handicap29.fr\/app\/uploads\/sites\/66\/2022\/01\/Logo-Caf-Finistere.jpg"}],"author":"prh29","twitter_card":"summary_large_image","twitter_misc":{"Est. reading time":"4 minutes"},"schema":{"@context":"https:\/\/schema.org","@graph":[{"@type":"Organization","@id":"https:\/\/www.pole-ressources-handicap29.fr\/#organization","name":"P\u00f4le Ressources Handicap 29","url":"https:\/\/www.pole-ressources-handicap29.fr\/","sameAs":[],"logo":{"@type":"ImageObject","inLanguage":"fr-FR","@id":"https:\/\/www.pole-ressources-handicap29.fr\/#\/schema\/logo\/image\/","url":"https:\/\/www.pole-ressources-handicap29.fr\/app\/uploads\/sites\/66\/2021\/04\/cropped-logo-PRH-29-1.jpg","contentUrl":"https:\/\/www.pole-ressources-handicap29.fr\/app\/uploads\/sites\/66\/2021\/04\/cropped-logo-PRH-29-1.jpg","width":512,"height":512,"caption":"P\u00f4le Ressources Handicap 29"},"image":{"@id":"https:\/\/www.pole-ressources-handicap29.fr\/#\/schema\/logo\/image\/"}},{"@type":"WebSite","@id":"https:\/\/www.pole-ressources-handicap29.fr\/#website","url":"https:\/\/www.pole-ressources-handicap29.fr\/","name":"P\u00f4le Ressources Handicap 29","description":"Service d\u00e9di\u00e9 aux familles et aux professionnels","publisher":{"@id":"https:\/\/www.pole-ressources-handicap29.fr\/#organization"},"potentialAction":[{"@type":"SearchAction","target":{"@type":"EntryPoint","urlTemplate":"https:\/\/www.pole-ressources-handicap29.fr\/?s={search_term_string}"},"query-input":"required name=search_term_string"}],"inLanguage":"fr-FR"},{"@type":"ImageObject","inLanguage":"fr-FR","@id":"https:\/\/www.pole-ressources-handicap29.fr\/nos-partenaires\/#primaryimage","url":"https:\/\/www.pole-ressources-handicap29.fr\/app\/uploads\/sites\/66\/2022\/01\/Logo-Caf-Finistere.jpg","contentUrl":"https:\/\/www.pole-ressources-handicap29.fr\/app\/uploads\/sites\/66\/2022\/01\/Logo-Caf-Finistere.jpg","width":200,"height":200,"caption":"Logo Caf Finist\u00e8re"},{"@type":"WebPage","@id":"https:\/\/www.pole-ressources-handicap29.fr\/nos-partenaires\/#webpage","url":"https:\/\/www.pole-ressources-handicap29.fr\/nos-partenaires\/","name":"Partenaires - PR29 Finist\u00e8re","isPartOf":{"@id":"https:\/\/www.pole-ressources-handicap29.fr\/#website"},"primaryImageOfPage":{"@id":"https:\/\/www.pole-ressources-handicap29.fr\/nos-partenaires\/#primaryimage"},"datePublished":"2022-01-04T19:48:05+00:00","dateModified":"2022-01-31T14:28:47+00:00","description":"Le PRH29 veille \u00e0 d\u00e9velopper des liens durables et solides avec ses partenaires: CAF29, Conseil D\u00e9partemental 29, Education Nationale...","breadcrumb":{"@id":"https:\/\/www.pole-ressources-handicap29.fr\/nos-partenaires\/#breadcrumb"},"inLanguage":"fr-FR","potentialAction":[{"@type":"ReadAction","target":["https:\/\/www.pole-ressources-handicap29.fr\/nos-partenaires\/"]}]},{"@type":"BreadcrumbList","@id":"https:\/\/www.pole-ressources-handicap29.fr\/nos-partenaires\/#breadcrumb","itemListElement":[{"@type":"ListItem","position":1,"name":"Partenaires"}]}]}},"featured_image_src_large":false,"author_info":{"display_name":"prh29","author_link":"https:\/\/www.pole-ressources-handicap29.fr\/author\/prh29\/"},"comment_info":0,"taxonomy_info":[],"_links":{"self":[{"href":"https:\/\/www.pole-ressources-handicap29.fr\/api\/wp\/v2\/pages\/25956"}],"collection":[{"href":"https:\/\/www.pole-ressources-handicap29.fr\/api\/wp\/v2\/pages"}],"about":[{"href":"https:\/\/www.pole-ressources-handicap29.fr\/api\/wp\/v2\/types\/page"}],"author":[{"embeddable":true,"href":"https:\/\/www.pole-ressources-handicap29.fr\/api\/wp\/v2\/users\/1238"}],"replies":[{"embeddable":true,"href":"https:\/\/www.pole-ressources-handicap29.fr\/api\/wp\/v2\/comments?post=25956"}],"version-history":[{"count":0,"href":"https:\/\/www.pole-ressources-handicap29.fr\/api\/wp\/v2\/pages\/25956\/revisions"}],"wp:attachment":[{"href":"https:\/\/www.pole-ressources-handicap29.fr\/api\/wp\/v2\/media?parent=25956"}],"curies":[{"name":"wp","href":"https:\/\/api.w.org\/{rel}","templated":true}]}}