{"id":25882,"date":"2022-01-04T14:08:25","date_gmt":"2022-01-04T14:08:25","guid":{"rendered":"https:\/\/www.pole-ressources-handicap29.fr\/?page_id=25882"},"modified":"2023-11-13T15:34:21","modified_gmt":"2023-11-13T15:34:21","slug":"devenir-ou-etre-parent","status":"publish","type":"page","link":"https:\/\/www.pole-ressources-handicap29.fr\/devenir-ou-etre-parent\/","title":{"rendered":"Devenir ou \u00eatre parent"},"content":{"rendered":"\t\t<div data-elementor-type=\"wp-page\" data-elementor-id=\"25882\" class=\"elementor elementor-25882\">\n\t\t\t\t\t\t\t\t\t<section class=\"elementor-section elementor-top-section elementor-element elementor-element-e1571d0 elementor-section-boxed elementor-section-height-default elementor-section-height-default\" data-id=\"e1571d0\" data-element_type=\"section\">\n\t\t\t\t\t\t<div class=\"elementor-container elementor-column-gap-default\">\n\t\t\t\t\t<div class=\"elementor-column elementor-col-100 elementor-top-column elementor-element elementor-element-cda3064\" data-id=\"cda3064\" data-element_type=\"column\">\n\t\t\t<div class=\"elementor-widget-wrap elementor-element-populated\">\n\t\t\t\t\t\t\t\t<div class=\"elementor-element elementor-element-12e2ec7 elementor-widget elementor-widget-text-editor\" data-id=\"12e2ec7\" data-element_type=\"widget\" data-widget_type=\"text-editor.default\">\n\t\t\t\t<div class=\"elementor-widget-container\">\n\t\t\t\t\t\t\t<p><b style=\"color: var(--global-palette4);font-family: var(--global-body-font-family)\">La CAF du Finist\u00e8re:<\/b><span style=\"color: var(--global-palette4);font-family: var(--global-body-font-family)\"> a mis en place une plateforme d&rsquo;informations destin\u00e9es aux parents. A travers ce site, la CAF propose un accompagnement dans les d\u00e9marches administratives, des informations sur les modes de garde ou sur les financements et aides envisageables. Une rubrique Actualit\u00e9s permet aussi aux parents d&rsquo;\u00eatre inform\u00e9s en temps r\u00e9el des \u00e9volutions et des nouveaut\u00e9s dans le secteur de l&rsquo;enfance.\u00a0<a href=\"http:\/\/www.caf.fr\">http:\/\/www.caf.fr<\/a>\u00a0et\u00a0<a href=\"http:\/\/www.monenfant.fr\">http:\/\/www.monenfant.fr<\/a><\/span><\/p>\t\t\t\t\t\t<\/div>\n\t\t\t\t<\/div>\n\t\t\t\t<div class=\"elementor-element elementor-element-4f1a60f elementor-widget elementor-widget-image\" data-id=\"4f1a60f\" data-element_type=\"widget\" data-widget_type=\"image.default\">\n\t\t\t\t<div class=\"elementor-widget-container\">\n\t\t\t\t\t\t\t\t\t\t\t\t\t\t\t<img decoding=\"async\" width=\"150\" height=\"150\" src=\"https:\/\/www.pole-ressources-handicap29.fr\/app\/uploads\/sites\/66\/2022\/01\/Logo-CAF-6-150x150.jpg\" class=\"attachment-thumbnail size-thumbnail wp-image-26136\" alt=\"Logo CAF\" \/>\t\t\t\t\t\t\t\t\t\t\t\t\t\t\t<\/div>\n\t\t\t\t<\/div>\n\t\t\t\t<div class=\"elementor-element elementor-element-13b6bfd elementor-widget elementor-widget-text-editor\" data-id=\"13b6bfd\" data-element_type=\"widget\" data-widget_type=\"text-editor.default\">\n\t\t\t\t<div class=\"elementor-widget-container\">\n\t\t\t\t\t\t\t<p><strong>Ker&rsquo;Aidants:<\/strong> d\u00e9veloppe des offres d&rsquo;aide et de service aux aidants de personnes en situation de handicap dans le Finist\u00e8re. Il contribue \u00e9galement \u00e0 faire conna\u00eetre et rendre accessible les solutions d\u00e9j\u00e0 existantes. Construit en collaboration avec les acteurs du r\u00e9pit du d\u00e9partement, Ker&rsquo;Aidants pr\u00e9sente des propositions concr\u00e8tes et en proximit\u00e9 de vos besoins.<\/p><p>Ker&rsquo;Aidants anime \u00e9galement des espaces de r\u00e9flexion et d&rsquo;exp\u00e9rimentation pour r\u00e9pondre au plus pr\u00e8s des attentes des aidants au sein du d\u00e9partement. Persuad\u00e9 des bienfaits d&rsquo;un travail collaboratif, Ker&rsquo;Aidants s&rsquo;est attach\u00e9 \u00e0 se construire collectivement et r\u00e9unit les acteurs associatifs et professionnels investis sur la question du r\u00e9pit (associations de famille, associations m\u00e9dico-sociale, gestionnaires d&rsquo;\u00e9tablissements, services d&rsquo;aide \u00e0 domicile&#8230;).<\/p><p>Les missions de Ker&rsquo;Aidants sont les suivantes: r\u00e9pondre eux besoins et attentes des aidants, identifier et r\u00e9pertorier l&rsquo;ensemble de l&rsquo;offre de r\u00e9pit du Finist\u00e8re, proposer et construire de nouvelles propositions avec la collaboration des partenaires, animer le r\u00e9seau des acteurs du r\u00e9pit pour proposer de nouvelles actions.\u00a0<a href=\"https:\/\/www.keraidants.fr\/\">https:\/\/www.keraidants.fr\/<\/a><\/p>\t\t\t\t\t\t<\/div>\n\t\t\t\t<\/div>\n\t\t\t\t<div class=\"elementor-element elementor-element-2096c27 elementor-widget elementor-widget-image\" data-id=\"2096c27\" data-element_type=\"widget\" data-widget_type=\"image.default\">\n\t\t\t\t<div class=\"elementor-widget-container\">\n\t\t\t\t\t\t\t\t\t\t\t\t\t\t\t<img decoding=\"async\" width=\"438\" height=\"49\" src=\"https:\/\/www.pole-ressources-handicap29.fr\/app\/uploads\/sites\/66\/2023\/11\/logo-KerAidants.svg\" class=\"attachment-medium_large size-medium_large wp-image-26763\" alt=\"\" \/>\t\t\t\t\t\t\t\t\t\t\t\t\t\t\t<\/div>\n\t\t\t\t<\/div>\n\t\t\t\t<div class=\"elementor-element elementor-element-12bf232 elementor-widget elementor-widget-text-editor\" data-id=\"12bf232\" data-element_type=\"widget\" data-widget_type=\"text-editor.default\">\n\t\t\t\t<div class=\"elementor-widget-container\">\n\t\t\t\t\t\t\t<p>\u00a0<\/p><p><b>Enfant diff\u00e9rent:<\/b> est un projet de l&rsquo;association Une souris verte cr\u00e9\u00e9e par des parents d&rsquo;enfants en situation de handicap. L&rsquo;objectif du site est de faciliter l&rsquo;acc\u00e8s \u00e0 l&rsquo;information sur la th\u00e9matique de l&rsquo;enfance et du handicap. Destin\u00e9 en priorit\u00e9 aux familles, le site regroupe de nombreuses ressources sur l&rsquo;accompagnement et le handicap mais aussi des t\u00e9moignages, des contacts utiles, ou encore des exemples des projets ou d&rsquo;initiatives.\u00a0<a href=\"http:\/\/www.enfant-different.org\">http:\/\/www.enfant-different.org<\/a><\/p>\t\t\t\t\t\t<\/div>\n\t\t\t\t<\/div>\n\t\t\t\t\t<\/div>\n\t\t<\/div>\n\t\t\t\t\t\t\t<\/div>\n\t\t<\/section>\n\t\t\t\t<section class=\"elementor-section elementor-top-section elementor-element elementor-element-0b63deb elementor-section-boxed elementor-section-height-default elementor-section-height-default\" data-id=\"0b63deb\" data-element_type=\"section\">\n\t\t\t\t\t\t<div class=\"elementor-container elementor-column-gap-default\">\n\t\t\t\t\t<div class=\"elementor-column elementor-col-100 elementor-top-column elementor-element elementor-element-831c5d0\" data-id=\"831c5d0\" data-element_type=\"column\">\n\t\t\t<div class=\"elementor-widget-wrap elementor-element-populated\">\n\t\t\t\t\t\t\t\t<div class=\"elementor-element elementor-element-1deeaf2 elementor-widget elementor-widget-image\" data-id=\"1deeaf2\" data-element_type=\"widget\" data-widget_type=\"image.default\">\n\t\t\t\t<div class=\"elementor-widget-container\">\n\t\t\t\t\t\t\t\t\t\t\t\t\t\t\t<img decoding=\"async\" width=\"300\" height=\"127\" src=\"https:\/\/www.pole-ressources-handicap29.fr\/app\/uploads\/sites\/66\/2022\/01\/Logo-Enfant-Different-300x127.jpg\" class=\"attachment-medium size-medium wp-image-26124\" alt=\"Logo Enfant Diff\u00e9rent\" srcset=\"https:\/\/www.pole-ressources-handicap29.fr\/app\/uploads\/sites\/66\/2022\/01\/Logo-Enfant-Different-300x127.jpg 300w, https:\/\/www.pole-ressources-handicap29.fr\/app\/uploads\/sites\/66\/2022\/01\/Logo-Enfant-Different-768x326.jpg 768w, https:\/\/www.pole-ressources-handicap29.fr\/app\/uploads\/sites\/66\/2022\/01\/Logo-Enfant-Different.jpg 850w\" sizes=\"(max-width: 300px) 100vw, 300px\" \/>\t\t\t\t\t\t\t\t\t\t\t\t\t\t\t<\/div>\n\t\t\t\t<\/div>\n\t\t\t\t<div class=\"elementor-element elementor-element-9b61c99 elementor-widget elementor-widget-text-editor\" data-id=\"9b61c99\" data-element_type=\"widget\" data-widget_type=\"text-editor.default\">\n\t\t\t\t<div class=\"elementor-widget-container\">\n\t\t\t\t\t\t\t<p><b style=\"color: var(--global-palette4);font-family: var(--global-body-font-family)\">Infoparents29:<\/b><span style=\"color: var(--global-palette4);font-family: var(--global-body-font-family)\"> est un site d\u00e9di\u00e9 aux parents, aux professionnels, aux b\u00e9n\u00e9voles, aux \u00e9lus, etc. qui, ensemble, se pr\u00e9occupent dans le Finist\u00e8re, de l&rsquo;accueil et de l&rsquo;\u00e9ducation des enfants, des relations parents-enfants et des liens familiaux tout au long de la vie. Les familles peuvent aussi y retrouver des informations pour faire face au handicap dans la rubrique d\u00e9di\u00e9e.\u00a0<\/span><a style=\"background-color: #ffffff;font-family: var(--global-body-font-family)\" href=\"http:\/\/www.infoparent29.fr\">http:\/\/www.infoparent29.fr<\/a><\/p>\t\t\t\t\t\t<\/div>\n\t\t\t\t<\/div>\n\t\t\t\t\t<\/div>\n\t\t<\/div>\n\t\t\t\t\t\t\t<\/div>\n\t\t<\/section>\n\t\t\t\t<section class=\"elementor-section elementor-top-section elementor-element elementor-element-1d4a660 elementor-section-boxed elementor-section-height-default elementor-section-height-default\" data-id=\"1d4a660\" data-element_type=\"section\">\n\t\t\t\t\t\t<div class=\"elementor-container elementor-column-gap-default\">\n\t\t\t\t\t<div class=\"elementor-column elementor-col-100 elementor-top-column elementor-element elementor-element-3d9f7c4\" data-id=\"3d9f7c4\" data-element_type=\"column\">\n\t\t\t<div class=\"elementor-widget-wrap elementor-element-populated\">\n\t\t\t\t\t\t\t\t<div class=\"elementor-element elementor-element-147c946 elementor-widget elementor-widget-image\" data-id=\"147c946\" data-element_type=\"widget\" data-widget_type=\"image.default\">\n\t\t\t\t<div class=\"elementor-widget-container\">\n\t\t\t\t\t\t\t\t\t\t\t\t\t\t\t<img loading=\"lazy\" decoding=\"async\" width=\"300\" height=\"89\" src=\"https:\/\/www.pole-ressources-handicap29.fr\/app\/uploads\/sites\/66\/2022\/01\/Logo-Infoparent29-1-300x89.png\" class=\"attachment-medium size-medium wp-image-26127\" alt=\"Logo Infoparent29\" srcset=\"https:\/\/www.pole-ressources-handicap29.fr\/app\/uploads\/sites\/66\/2022\/01\/Logo-Infoparent29-1-300x89.png 300w, https:\/\/www.pole-ressources-handicap29.fr\/app\/uploads\/sites\/66\/2022\/01\/Logo-Infoparent29-1.png 671w\" sizes=\"(max-width: 300px) 100vw, 300px\" \/>\t\t\t\t\t\t\t\t\t\t\t\t\t\t\t<\/div>\n\t\t\t\t<\/div>\n\t\t\t\t<div class=\"elementor-element elementor-element-bc65b57 elementor-widget elementor-widget-text-editor\" data-id=\"bc65b57\" data-element_type=\"widget\" data-widget_type=\"text-editor.default\">\n\t\t\t\t<div class=\"elementor-widget-container\">\n\t\t\t\t\t\t\t<p>\u00a0<\/p><p><b style=\"color: var(--global-palette4);font-family: var(--global-body-font-family)\">Handicap Agir T\u00f4t:<\/b><span style=\"color: var(--global-palette4);font-family: var(--global-body-font-family)\"> est un site d\u00e9di\u00e9 \u00e0 l&rsquo;action pr\u00e9coce aupr\u00e8s des enfants de 0 \u00e0 6 ans \u00e0 risque ou pr\u00e9sentant des troubles (pathologies ou handicaps) et leur famille. L&rsquo;association Nationale des Equipes Contribuant \u00e0 l&rsquo;Action M\u00e9dico-Sociale Pr\u00e9coce \u00e0 l&rsquo;origine de cette campagne d\u00e9fend le droit de l&rsquo;enfant \u00e0 b\u00e9n\u00e9ficier pr\u00e9cocement des soins, de l&rsquo;\u00e9ducation et de l&rsquo;accompagnement de qualit\u00e9 qu&rsquo;il requiert.\u00a0<\/span><a style=\"background-color: #ffffff;font-family: var(--global-body-font-family)\" href=\"http:\/\/www.handicap-agir-tot.com\">http:\/\/www.handicap-agir-tot.c<\/a><\/p>\t\t\t\t\t\t<\/div>\n\t\t\t\t<\/div>\n\t\t\t\t\t<\/div>\n\t\t<\/div>\n\t\t\t\t\t\t\t<\/div>\n\t\t<\/section>\n\t\t\t\t<section class=\"elementor-section elementor-top-section elementor-element elementor-element-1ffd3a7 elementor-section-boxed elementor-section-height-default elementor-section-height-default\" data-id=\"1ffd3a7\" data-element_type=\"section\">\n\t\t\t\t\t\t<div class=\"elementor-container elementor-column-gap-default\">\n\t\t\t\t\t<div class=\"elementor-column elementor-col-100 elementor-top-column elementor-element elementor-element-4a56661\" data-id=\"4a56661\" data-element_type=\"column\">\n\t\t\t<div class=\"elementor-widget-wrap elementor-element-populated\">\n\t\t\t\t\t\t\t\t<div class=\"elementor-element elementor-element-aba57bf elementor-widget elementor-widget-image\" data-id=\"aba57bf\" data-element_type=\"widget\" data-widget_type=\"image.default\">\n\t\t\t\t<div class=\"elementor-widget-container\">\n\t\t\t\t\t\t\t\t\t\t\t\t\t\t\t<img loading=\"lazy\" decoding=\"async\" width=\"300\" height=\"143\" src=\"https:\/\/www.pole-ressources-handicap29.fr\/app\/uploads\/sites\/66\/2022\/01\/Logo-Handicap-Agir-Tot-1-300x143.jpg\" class=\"attachment-medium size-medium wp-image-26134\" alt=\"Logo Handicap Agir T\u00f4t\" srcset=\"https:\/\/www.pole-ressources-handicap29.fr\/app\/uploads\/sites\/66\/2022\/01\/Logo-Handicap-Agir-Tot-1-300x143.jpg 300w, https:\/\/www.pole-ressources-handicap29.fr\/app\/uploads\/sites\/66\/2022\/01\/Logo-Handicap-Agir-Tot-1.jpg 755w\" sizes=\"(max-width: 300px) 100vw, 300px\" \/>\t\t\t\t\t\t\t\t\t\t\t\t\t\t\t<\/div>\n\t\t\t\t<\/div>\n\t\t\t\t\t<\/div>\n\t\t<\/div>\n\t\t\t\t\t\t\t<\/div>\n\t\t<\/section>\n\t\t\t\t\t\t\t<\/div>\n\t\t","protected":false},"excerpt":{"rendered":"<p>La CAF du Finist\u00e8re: a mis en place une plateforme d&rsquo;informations destin\u00e9es aux parents. A travers ce site, la CAF propose un accompagnement dans les d\u00e9marches administratives, des informations sur les modes de garde ou sur les financements et aides envisageables. Une rubrique Actualit\u00e9s permet aussi aux parents d&rsquo;\u00eatre inform\u00e9s en temps r\u00e9el des \u00e9volutions&#8230;<\/p>\n","protected":false},"author":1238,"featured_media":0,"parent":0,"menu_order":0,"comment_status":"closed","ping_status":"closed","template":"","meta":{"_kad_post_transparent":"","_kad_post_title":"hide","_kad_post_layout":"fullwidth","_kad_post_sidebar_id":"","_kad_post_content_style":"unboxed","_kad_post_vertical_padding":"hide","_kad_post_feature":"hide","_kad_post_feature_position":"","_kad_post_header":false,"_kad_post_footer":false,"footnotes":""},"yoast_head":"<!-- This site is optimized with the Yoast SEO plugin v19.2 - https:\/\/yoast.com\/wordpress\/plugins\/seo\/ -->\n<title>Devenir ou \u00eatre parent - Handicap PR29 Finist\u00e8re<\/title>\n<meta name=\"description\" content=\"Le PRH29 a r\u00e9alis\u00e9 un inventaire des organismes pouvant venir en aide aux familles accompagnant un enfant en situation de handicap.\" \/>\n<meta name=\"robots\" content=\"index, follow, max-snippet:-1, max-image-preview:large, max-video-preview:-1\" \/>\n<link rel=\"canonical\" href=\"https:\/\/www.pole-ressources-handicap29.fr\/devenir-ou-etre-parent\/\" \/>\n<meta property=\"og:locale\" content=\"fr_FR\" \/>\n<meta property=\"og:type\" content=\"article\" \/>\n<meta property=\"og:url\" content=\"https:\/\/www.pole-ressources-handicap29.fr\/devenir-ou-etre-parent\/\" \/>\n<meta property=\"og:site_name\" content=\"P\u00f4le Ressources Handicap 29\" \/>\n<meta property=\"article:modified_time\" content=\"2023-11-13T15:34:21+00:00\" \/>\n<meta property=\"og:image\" content=\"https:\/\/www.pole-ressources-handicap29.fr\/app\/uploads\/sites\/66\/2022\/01\/Logo-CAF-6-150x150.jpg\" \/>\n<meta name=\"author\" content=\"prh29\" \/>\n<meta name=\"twitter:card\" content=\"summary_large_image\" \/>\n<meta name=\"twitter:label1\" content=\"Est. reading time\" \/>\n\t<meta name=\"twitter:data1\" content=\"4 minutes\" \/>\n<script type=\"application\/ld+json\" class=\"yoast-schema-graph\">{\"@context\":\"https:\/\/schema.org\",\"@graph\":[{\"@type\":\"Organization\",\"@id\":\"https:\/\/www.pole-ressources-handicap29.fr\/#organization\",\"name\":\"P\u00f4le Ressources Handicap 29\",\"url\":\"https:\/\/www.pole-ressources-handicap29.fr\/\",\"sameAs\":[],\"logo\":{\"@type\":\"ImageObject\",\"inLanguage\":\"fr-FR\",\"@id\":\"https:\/\/www.pole-ressources-handicap29.fr\/#\/schema\/logo\/image\/\",\"url\":\"https:\/\/www.pole-ressources-handicap29.fr\/app\/uploads\/sites\/66\/2021\/04\/cropped-logo-PRH-29-1.jpg\",\"contentUrl\":\"https:\/\/www.pole-ressources-handicap29.fr\/app\/uploads\/sites\/66\/2021\/04\/cropped-logo-PRH-29-1.jpg\",\"width\":512,\"height\":512,\"caption\":\"P\u00f4le Ressources Handicap 29\"},\"image\":{\"@id\":\"https:\/\/www.pole-ressources-handicap29.fr\/#\/schema\/logo\/image\/\"}},{\"@type\":\"WebSite\",\"@id\":\"https:\/\/www.pole-ressources-handicap29.fr\/#website\",\"url\":\"https:\/\/www.pole-ressources-handicap29.fr\/\",\"name\":\"P\u00f4le Ressources Handicap 29\",\"description\":\"Service d\u00e9di\u00e9 aux familles et aux professionnels\",\"publisher\":{\"@id\":\"https:\/\/www.pole-ressources-handicap29.fr\/#organization\"},\"potentialAction\":[{\"@type\":\"SearchAction\",\"target\":{\"@type\":\"EntryPoint\",\"urlTemplate\":\"https:\/\/www.pole-ressources-handicap29.fr\/?s={search_term_string}\"},\"query-input\":\"required name=search_term_string\"}],\"inLanguage\":\"fr-FR\"},{\"@type\":\"ImageObject\",\"inLanguage\":\"fr-FR\",\"@id\":\"https:\/\/www.pole-ressources-handicap29.fr\/devenir-ou-etre-parent\/#primaryimage\",\"url\":\"https:\/\/www.pole-ressources-handicap29.fr\/app\/uploads\/sites\/66\/2022\/01\/Logo-CAF-6.jpg\",\"contentUrl\":\"https:\/\/www.pole-ressources-handicap29.fr\/app\/uploads\/sites\/66\/2022\/01\/Logo-CAF-6.jpg\",\"width\":1600,\"height\":1300,\"caption\":\"Logo CAF\"},{\"@type\":\"WebPage\",\"@id\":\"https:\/\/www.pole-ressources-handicap29.fr\/devenir-ou-etre-parent\/#webpage\",\"url\":\"https:\/\/www.pole-ressources-handicap29.fr\/devenir-ou-etre-parent\/\",\"name\":\"Devenir ou \u00eatre parent - Handicap PR29 Finist\u00e8re\",\"isPartOf\":{\"@id\":\"https:\/\/www.pole-ressources-handicap29.fr\/#website\"},\"primaryImageOfPage\":{\"@id\":\"https:\/\/www.pole-ressources-handicap29.fr\/devenir-ou-etre-parent\/#primaryimage\"},\"datePublished\":\"2022-01-04T14:08:25+00:00\",\"dateModified\":\"2023-11-13T15:34:21+00:00\",\"description\":\"Le PRH29 a r\u00e9alis\u00e9 un inventaire des organismes pouvant venir en aide aux familles accompagnant un enfant en situation de handicap.\",\"breadcrumb\":{\"@id\":\"https:\/\/www.pole-ressources-handicap29.fr\/devenir-ou-etre-parent\/#breadcrumb\"},\"inLanguage\":\"fr-FR\",\"potentialAction\":[{\"@type\":\"ReadAction\",\"target\":[\"https:\/\/www.pole-ressources-handicap29.fr\/devenir-ou-etre-parent\/\"]}]},{\"@type\":\"BreadcrumbList\",\"@id\":\"https:\/\/www.pole-ressources-handicap29.fr\/devenir-ou-etre-parent\/#breadcrumb\",\"itemListElement\":[{\"@type\":\"ListItem\",\"position\":1,\"name\":\"Devenir ou \u00eatre parent\"}]}]}<\/script>\n<!-- \/ Yoast SEO plugin. -->","yoast_head_json":{"title":"Devenir ou \u00eatre parent - Handicap PR29 Finist\u00e8re","description":"Le PRH29 a r\u00e9alis\u00e9 un inventaire des organismes pouvant venir en aide aux familles accompagnant un enfant en situation de handicap.","robots":{"index":"index","follow":"follow","max-snippet":"max-snippet:-1","max-image-preview":"max-image-preview:large","max-video-preview":"max-video-preview:-1"},"canonical":"https:\/\/www.pole-ressources-handicap29.fr\/devenir-ou-etre-parent\/","og_locale":"fr_FR","og_type":"article","og_url":"https:\/\/www.pole-ressources-handicap29.fr\/devenir-ou-etre-parent\/","og_site_name":"P\u00f4le Ressources Handicap 29","article_modified_time":"2023-11-13T15:34:21+00:00","og_image":[{"url":"https:\/\/www.pole-ressources-handicap29.fr\/app\/uploads\/sites\/66\/2022\/01\/Logo-CAF-6-150x150.jpg"}],"author":"prh29","twitter_card":"summary_large_image","twitter_misc":{"Est. reading time":"4 minutes"},"schema":{"@context":"https:\/\/schema.org","@graph":[{"@type":"Organization","@id":"https:\/\/www.pole-ressources-handicap29.fr\/#organization","name":"P\u00f4le Ressources Handicap 29","url":"https:\/\/www.pole-ressources-handicap29.fr\/","sameAs":[],"logo":{"@type":"ImageObject","inLanguage":"fr-FR","@id":"https:\/\/www.pole-ressources-handicap29.fr\/#\/schema\/logo\/image\/","url":"https:\/\/www.pole-ressources-handicap29.fr\/app\/uploads\/sites\/66\/2021\/04\/cropped-logo-PRH-29-1.jpg","contentUrl":"https:\/\/www.pole-ressources-handicap29.fr\/app\/uploads\/sites\/66\/2021\/04\/cropped-logo-PRH-29-1.jpg","width":512,"height":512,"caption":"P\u00f4le Ressources Handicap 29"},"image":{"@id":"https:\/\/www.pole-ressources-handicap29.fr\/#\/schema\/logo\/image\/"}},{"@type":"WebSite","@id":"https:\/\/www.pole-ressources-handicap29.fr\/#website","url":"https:\/\/www.pole-ressources-handicap29.fr\/","name":"P\u00f4le Ressources Handicap 29","description":"Service d\u00e9di\u00e9 aux familles et aux professionnels","publisher":{"@id":"https:\/\/www.pole-ressources-handicap29.fr\/#organization"},"potentialAction":[{"@type":"SearchAction","target":{"@type":"EntryPoint","urlTemplate":"https:\/\/www.pole-ressources-handicap29.fr\/?s={search_term_string}"},"query-input":"required name=search_term_string"}],"inLanguage":"fr-FR"},{"@type":"ImageObject","inLanguage":"fr-FR","@id":"https:\/\/www.pole-ressources-handicap29.fr\/devenir-ou-etre-parent\/#primaryimage","url":"https:\/\/www.pole-ressources-handicap29.fr\/app\/uploads\/sites\/66\/2022\/01\/Logo-CAF-6.jpg","contentUrl":"https:\/\/www.pole-ressources-handicap29.fr\/app\/uploads\/sites\/66\/2022\/01\/Logo-CAF-6.jpg","width":1600,"height":1300,"caption":"Logo CAF"},{"@type":"WebPage","@id":"https:\/\/www.pole-ressources-handicap29.fr\/devenir-ou-etre-parent\/#webpage","url":"https:\/\/www.pole-ressources-handicap29.fr\/devenir-ou-etre-parent\/","name":"Devenir ou \u00eatre parent - Handicap PR29 Finist\u00e8re","isPartOf":{"@id":"https:\/\/www.pole-ressources-handicap29.fr\/#website"},"primaryImageOfPage":{"@id":"https:\/\/www.pole-ressources-handicap29.fr\/devenir-ou-etre-parent\/#primaryimage"},"datePublished":"2022-01-04T14:08:25+00:00","dateModified":"2023-11-13T15:34:21+00:00","description":"Le PRH29 a r\u00e9alis\u00e9 un inventaire des organismes pouvant venir en aide aux familles accompagnant un enfant en situation de handicap.","breadcrumb":{"@id":"https:\/\/www.pole-ressources-handicap29.fr\/devenir-ou-etre-parent\/#breadcrumb"},"inLanguage":"fr-FR","potentialAction":[{"@type":"ReadAction","target":["https:\/\/www.pole-ressources-handicap29.fr\/devenir-ou-etre-parent\/"]}]},{"@type":"BreadcrumbList","@id":"https:\/\/www.pole-ressources-handicap29.fr\/devenir-ou-etre-parent\/#breadcrumb","itemListElement":[{"@type":"ListItem","position":1,"name":"Devenir ou \u00eatre parent"}]}]}},"featured_image_src_large":false,"author_info":{"display_name":"prh29","author_link":"https:\/\/www.pole-ressources-handicap29.fr\/author\/prh29\/"},"comment_info":0,"taxonomy_info":[],"_links":{"self":[{"href":"https:\/\/www.pole-ressources-handicap29.fr\/api\/wp\/v2\/pages\/25882"}],"collection":[{"href":"https:\/\/www.pole-ressources-handicap29.fr\/api\/wp\/v2\/pages"}],"about":[{"href":"https:\/\/www.pole-ressources-handicap29.fr\/api\/wp\/v2\/types\/page"}],"author":[{"embeddable":true,"href":"https:\/\/www.pole-ressources-handicap29.fr\/api\/wp\/v2\/users\/1238"}],"replies":[{"embeddable":true,"href":"https:\/\/www.pole-ressources-handicap29.fr\/api\/wp\/v2\/comments?post=25882"}],"version-history":[{"count":10,"href":"https:\/\/www.pole-ressources-handicap29.fr\/api\/wp\/v2\/pages\/25882\/revisions"}],"predecessor-version":[{"id":26770,"href":"https:\/\/www.pole-ressources-handicap29.fr\/api\/wp\/v2\/pages\/25882\/revisions\/26770"}],"wp:attachment":[{"href":"https:\/\/www.pole-ressources-handicap29.fr\/api\/wp\/v2\/media?parent=25882"}],"curies":[{"name":"wp","href":"https:\/\/api.w.org\/{rel}","templated":true}]}}