{"id":25805,"date":"2022-01-04T08:32:10","date_gmt":"2022-01-04T08:32:10","guid":{"rendered":"https:\/\/www.pole-ressources-handicap29.fr\/?page_id=25805"},"modified":"2026-02-25T14:06:19","modified_gmt":"2026-02-25T14:06:19","slug":"nos-interventions-pedagogiques","status":"publish","type":"page","link":"https:\/\/www.pole-ressources-handicap29.fr\/nos-interventions-pedagogiques\/","title":{"rendered":"Nos interventions p\u00e9dagogiques"},"content":{"rendered":"\t\t<div data-elementor-type=\"wp-page\" data-elementor-id=\"25805\" class=\"elementor elementor-25805\">\n\t\t\t\t\t\t\t\t\t<section class=\"elementor-section elementor-top-section elementor-element elementor-element-4970218 elementor-section-boxed elementor-section-height-default elementor-section-height-default\" data-id=\"4970218\" data-element_type=\"section\">\n\t\t\t\t\t\t<div class=\"elementor-container elementor-column-gap-default\">\n\t\t\t\t\t<div class=\"elementor-column elementor-col-100 elementor-top-column elementor-element elementor-element-2bd9e0a\" data-id=\"2bd9e0a\" data-element_type=\"column\">\n\t\t\t<div class=\"elementor-widget-wrap elementor-element-populated\">\n\t\t\t\t\t\t\t\t<div class=\"elementor-element elementor-element-d7e7bb6 elementor-widget elementor-widget-text-editor\" data-id=\"d7e7bb6\" data-element_type=\"widget\" data-widget_type=\"text-editor.default\">\n\t\t\t\t<div class=\"elementor-widget-container\">\n\t\t\t\t\t\t\t<h3 style=\"text-align: center\"><strong>La sensibilisation des professionnels : 5 modalit\u00e9s d\u2019intervention \u00e0 votre service<\/strong><\/h3><p><em><strong>1- Sensibilisation \u00e0 l\u2019accueil d\u2019enfants \u00e0 besoins sp\u00e9cifiques<\/strong><\/em><\/p><ul><li>Module d\u2019une demi-journ\u00e9e \u00e0 deux jours<\/li><li>Module \u00e0 la carte en fonction de vos attentes et de vos besoins<\/li><\/ul><p><em><strong>2- Temps d\u2019observation<\/strong><\/em><\/p><p><em><strong>3- Sensibilisation \u00e0 l\u2019emprunt des malles p\u00e9dagogiques<\/strong><\/em><\/p><p><em><strong>4- Appui \u00e0 l\u2019analyse de pratiques<\/strong><\/em><\/p><p><em><strong>5- Soutien \u00e0 l\u2019organisation de rencontre et de temps d\u2019\u00e9changes<\/strong><\/em><\/p><ul><li>En lien avec une situation d\u2019enfant suivi en lib\u00e9ral<\/li><li>En lien avec une th\u00e9matique autour de la question de l\u2019inclusion n\u00e9cessitant la venue d\u2019un.e sp\u00e9cialiste<\/li><\/ul><h3><span style=\"color: #ff6600\"><strong>1 Sensibilisation \u00e0 l\u2019accueil d\u2019enfants \u00e0 besoins sp\u00e9cifiques<\/strong><\/span><\/h3><p><img fetchpriority=\"high\" decoding=\"async\" class=\"size-medium wp-image-26921 aligncenter\" src=\"https:\/\/www.pole-ressources-handicap29.fr\/app\/uploads\/sites\/66\/2026\/02\/Image2-300x200.jpg\" alt=\"\" width=\"300\" height=\"200\" srcset=\"https:\/\/www.pole-ressources-handicap29.fr\/app\/uploads\/sites\/66\/2026\/02\/Image2-300x200.jpg 300w, https:\/\/www.pole-ressources-handicap29.fr\/app\/uploads\/sites\/66\/2026\/02\/Image2.jpg 467w\" sizes=\"(max-width: 300px) 100vw, 300px\" \/><\/p><p>Notre \u00e9quipe vous propose des temps de sensibilisation sur des th\u00e9matiques vari\u00e9es et en fonction des besoins de votre structure. Nous pouvons aborder des th\u00e9matiques (liste non-exhaustive) comme\u00a0:<\/p><p>&#8211; l\u2019accueil des familles et de leurs enfants,<\/p><p>&#8211; les repr\u00e9sentations et les enjeux de l\u2019inclusion,<\/p><p>&#8211; les questionnements sur le d\u00e9veloppement de l\u2019enfant (approche sensorielle, \u00e9motions)<\/p><p>&#8211; la place de l\u2019enfant dans le collectif et la sensibilisation des autres enfants, jeunes, etc.<\/p><p>&#8211; les diff\u00e9rents types de handicap,<\/p><p>&#8211; l\u2019am\u00e9nagement des espaces, la structuration des temps (temps de transition, rites, etc\u2026)<\/p><p>&#8211; l\u2019\u00e9volution de nos postures et la capacit\u00e9 d\u2019observation, d\u2019analyse et d\u2019accompagnement de l\u2019enfant<\/p><p>&#8211; le partenariat, les ressources et l\u2019\u00e9valuation du projet.<\/p><p><strong><u>Modalit\u00e9s p\u00e9dagogiques\u00a0:<\/u><\/strong><\/p><p>Dans une d\u00e9marche d\u2019Education Populaire, l\u2019ensemble des temps de sensibilisation est bas\u00e9 sur des outils pr\u00f4nant la participation, l\u2019implication des professionnels en nous appuyant sur des outils d\u2019animation diversifi\u00e9s, actifs et dynamiques au service du groupe.<\/p><p><strong><u>Dur\u00e9e\u00a0:<\/u><\/strong> en fonction de votre projet, de vos imp\u00e9ratifs, le p\u00f4le ressources s\u2019adapte d\u2019une demi-journ\u00e9e \u00e0 deux journ\u00e9es de sensibilisation.<\/p><p>Ces temps de sensibilisation sont propos\u00e9s \u00e0 la carte en fonction des sujets et des th\u00e9matiques qui vous int\u00e9ressent, qui vous interpellent, qui vous questionnent.<\/p><p><strong><u>Public\u00a0:<\/u><\/strong> professionnels de la petite enfance, de l\u2019enfance, de la jeunesse et d\u2019accompagnement \u00e0 la parentalit\u00e9.<\/p><p><strong><u>Co\u00fbt:<\/u><\/strong> GRATUIT<\/p><h3><span style=\"color: #ff6600\"><strong>2 Temps d\u2019observation<\/strong><\/span><\/h3><p><img decoding=\"async\" class=\"alignnone size-medium wp-image-26922 aligncenter\" src=\"https:\/\/www.pole-ressources-handicap29.fr\/app\/uploads\/sites\/66\/2026\/02\/Image3-300x185.png\" alt=\"\" width=\"300\" height=\"185\" srcset=\"https:\/\/www.pole-ressources-handicap29.fr\/app\/uploads\/sites\/66\/2026\/02\/Image3-300x185.png 300w, https:\/\/www.pole-ressources-handicap29.fr\/app\/uploads\/sites\/66\/2026\/02\/Image3.png 445w\" sizes=\"(max-width: 300px) 100vw, 300px\" \/><\/p><p>Dans certaines situations, les enfants \u00e0 besoins sp\u00e9cifiques sont d\u00e9j\u00e0 accueillis. Les professionnels peuvent \u00eatre mis en difficult\u00e9.<\/p><p>Le p\u00f4le ressources peut \u00eatre interpel\u00e9 sur une situation individuelle. L\u2019accord de la famille n\u2019est pas obligatoire. Toutefois, notre d\u00e9marche est d\u2019\u00e9largir le regard\u00a0en partant de cette situation, nous \u00ab\u00a0scannons\u00a0\u00bb l\u2019ensemble du temps observ\u00e9.<\/p><p>L\u2019objectif du temps d\u2019observation est de saisir le contexte et de proposer des hypoth\u00e8ses de travail avec l\u2019\u00e9quipe.<\/p><p><u>Observer pour le P\u00f4le Ressources, c\u2019est\u00a0:<\/u><\/p><p>&#8211; comprendre les temps de transition et la structuration des diff\u00e9rents temps,<\/p><p>&#8211; saisir les moments cl\u00e9s et les situations provoquant les \u00e9ventuels moments de tension,<\/p><p>&#8211; identifier les postures des professionnels et du groupe d\u2019enfant ainsi que les leviers facilitant les temps d\u2019inclusion de l\u2019enfant,<\/p><p>&#8211; valoriser la dynamique collective des professionnels et les comp\u00e9tences existantes<\/p><p>&#8211; proposer des hypoth\u00e8ses de travail et les valider avec les professionnels.<\/p><p><u>Observer pour le P\u00f4le Ressources, ce n\u2019est pas\u00a0:<\/u><\/p><p>&#8211; se focaliser uniquement sur un enfant en particulier et identifier que des propositions \u00e0 son accueil<\/p><p>&#8211; fournir un catalogue de solutions d\u00e9connect\u00e9es d\u2019un contexte et d\u2019un environnement propre \u00e0 chaque structure<\/p><p>&#8211; juger des gestes et des postures professionnelles.<\/p><p>\u00a0<\/p><p><strong><u>Modalit\u00e9s p\u00e9dagogiques\u00a0: <\/u><\/strong><\/p><p>&#8211; Temps de contextualisation\u00a0: accompagner la structure et les professionnels a d\u00e9crire la situation afin d\u2019essayer de cibler la demande, fixer le cadre d\u2019intervention par le p\u00f4le ressources et choisir le moment d\u2019observation.<\/p><p>&#8211; Temps d\u2019observation\u00a0: se rendre sur lieu d\u2019accueil et participer \u00e0 un des temps choisi avec les professionnels de l\u2019accueil,<\/p><p>&#8211; Temps en \u00e9quipe\u00a0: \u00e9changer sur les propositions et valider les hypoth\u00e8ses de travail. Elaborer un plan d\u2019actions.<\/p><p><strong><u>Public\u00a0:<\/u><\/strong> structures de la petite enfance, de l\u2019enfance, de la jeunesse.<\/p><p><strong><u>Dur\u00e9e\u00a0:<\/u><\/strong> 3 temps de travail.<\/p><p><strong><u>Co\u00fbt:<\/u><\/strong> GRATUIT<\/p><p>\u00a0<\/p><h3><span style=\"color: #ff6600\"><strong>3 Sensibilisation \u00e0 l\u2019emprunt des malles p\u00e9dagogiques<\/strong><\/span><\/h3><p><img decoding=\"async\" class=\"alignnone size-full wp-image-26923 aligncenter\" src=\"https:\/\/www.pole-ressources-handicap29.fr\/app\/uploads\/sites\/66\/2026\/02\/Image4.png\" alt=\"\" width=\"283\" height=\"153\" \/><\/p><p>Ces temps sont propos\u00e9s afin de s\u2019initier \u00e0 leur usage. La sensibilisation est fortement souhaitable lors d\u2019un premier emprunt par la structure.<\/p><p>Ces malles sont \u00e0 destination de tous les enfants accueillis mais elles r\u00e9pondent plus particuli\u00e8rement \u00e0 la question de l\u2019inclusion et donc de la place de l\u2019enfant \u00e0 besoins sp\u00e9cifiques dans le groupe.<\/p><p>Elles permettent de soutenir l\u2019accueil et elles servent de pr\u00e9texte \u00e0 se re-questionner sur son projet dans le but que chaque enfant trouve sa place dans un environnement adapt\u00e9.<\/p><p><strong><u>Petite enfance <\/u><\/strong><\/p><p><span style=\"text-decoration: underline\">La malle Kim fait ses premiers pas<\/span>\u00a0: un outil pour \u00e9veiller les sens chez les enfants, pour rep\u00e9rer ses canaux sensoriels par le jeu, pour observer les inter-relations entre les enfants.<\/p><p><span style=\"text-decoration: underline\">La malle Sortir Dehors<\/span>\u00a0: des activit\u00e9s sensorielles propos\u00e9es pour chaque saison. Un sac remplit de supports facilitant une approche ludique, sensible de la Nature.<\/p><p><span style=\"text-decoration: underline\">Les kits assistantes maternelles<\/span>\u00a0: \u00e9motions, alimentation et sommeil\u00a0! Trois th\u00e9matiques \u00e0 explorer pour mieux accompagner les enfants et leurs parents.<\/p><p><strong><u>Petite enfance et enfance<\/u>\u00a0:<\/strong><\/p><p><span style=\"text-decoration: underline\">La malle Kim touche \u00e0 tout<\/span>\u00a0: des supports pour r\u00e9pondre aux besoins des enfants qui ont besoin de souffler, de bouger ou tout simplement de s\u2019isoler pour mieux revenir dans le groupe.<\/p><p><strong><u>Enfance\/jeunesse<\/u>\u00a0:<\/strong><\/p><p><span style=\"text-decoration: underline\">La malle Kim d\u00e9veloppe son 6<sup>\u00e8me<\/sup> sens<\/span>\u00a0: de multiples jeux et activit\u00e9s pour se mettre en situation de handicap. Jouer, coop\u00e9rer, s\u2019amuser ensemble sont des pr\u00e9textes pour \u00e9changer sur la th\u00e9matique de la diff\u00e9rence.<\/p><p><span style=\"text-decoration: underline\">L\u2019Escape Game des Emotions\u00a0<\/span>: un jeu coop\u00e9ratif permettant aux enfants de vivre les diff\u00e9rentes \u00e9motions \u00e0 travers 6 \u00e9preuves ludiques et sensorielles.<\/p><p><span style=\"text-decoration: underline\">La malle Reviz Box<\/span>\u00a0: une bo\u00eete tr\u00e8s utile pour soutenir les enfants avec troubles dans leurs relectures, leurs le\u00e7ons, leurs devoirs du soir. Temps souvent anxiog\u00e8ne pour les enfants et leurs accompagnateurs, cette mallette peut contribuer \u00e0 apaiser les tensions et g\u00e9n\u00e9rer un moment de confiance et de plaisir partag\u00e9.<\/p><p><strong><u>Modalit\u00e9s p\u00e9dagogiques\u00a0: <\/u><\/strong>un temps de sensibilisation en fonction de vos disponibilit\u00e9s \u2026pour faciliter leur prise en main<\/p><p><strong><u>Public\u00a0:<\/u><\/strong> professionnels de la petite enfance, de l\u2019enfance, de la jeunesse et d\u2019accompagnement \u00e0 la parentalit\u00e9.<\/p><p><strong><u>Dur\u00e9e\u00a0:<\/u><\/strong> de 1heure \u00e0 2heures de d\u00e9couverte.<\/p><p><strong><u>Co\u00fbt\u00a0:<\/u><\/strong> gratuit.<\/p><p>\u00a0<\/p><h3><span style=\"color: #ff6600\"><strong>4 Appui \u00e0 l\u2019analyse de pratiques<\/strong><\/span><\/h3><p><img loading=\"lazy\" decoding=\"async\" class=\"size-medium wp-image-26924 aligncenter\" src=\"https:\/\/www.pole-ressources-handicap29.fr\/app\/uploads\/sites\/66\/2026\/02\/stocksnap-people-2557396_1920-300x200.jpg\" alt=\"\" width=\"300\" height=\"200\" srcset=\"https:\/\/www.pole-ressources-handicap29.fr\/app\/uploads\/sites\/66\/2026\/02\/stocksnap-people-2557396_1920-300x200.jpg 300w, https:\/\/www.pole-ressources-handicap29.fr\/app\/uploads\/sites\/66\/2026\/02\/stocksnap-people-2557396_1920-1024x683.jpg 1024w, https:\/\/www.pole-ressources-handicap29.fr\/app\/uploads\/sites\/66\/2026\/02\/stocksnap-people-2557396_1920-768x512.jpg 768w, https:\/\/www.pole-ressources-handicap29.fr\/app\/uploads\/sites\/66\/2026\/02\/stocksnap-people-2557396_1920-1536x1024.jpg 1536w, https:\/\/www.pole-ressources-handicap29.fr\/app\/uploads\/sites\/66\/2026\/02\/stocksnap-people-2557396_1920.jpg 1920w\" sizes=\"(max-width: 300px) 100vw, 300px\" \/><\/p><p>Ces interventions sont r\u00e9alis\u00e9es en partenariat avec un.e psychologue, un\/une m\u00e9diateur\/trice, un professionnel, un.e intervenant.e en analyse de pratiques . Ces professionnels vous accompagnent et ils vous aident \u00e0 d\u00e9composer les situations et \u00e0 prendre du recul.<\/p><p>L\u2019objectif est de renforcer les acquis mais aussi de les d\u00e9velopper et de les am\u00e9liorer, notamment pour faire face aux \u00e9volutions constante de notre environnement.<\/p><p><strong><u>Modalit\u00e9s p\u00e9dagogiques\u00a0: <\/u><\/strong><\/p><p>Un temps d\u2019\u00e9changes avec le r\u00e9f\u00e9rent territorial du P\u00f4le Ressources est engag\u00e9 afin de d\u00e9finir le projet avec la structure d\u2019accueil (RPE, EAJE ou ACM).<\/p><p>La structure d\u2019accueil ou le r\u00e9f\u00e9rent territorial se renseigne sur le professionnel pouvant r\u00e9pondre aux besoins d\u2019analyse de pratiques. Elle l\u2019invite \u00e0 fournir un devis, un RIB qui seront joint la convention.<\/p><p>Une convention est ensuite sign\u00e9e entre le prestataire, la structure d\u2019accueil et le P\u00f4le Ressources. La convention est \u00e0 retirer aupr\u00e8s de chaque r\u00e9f\u00e9rent territorial du p\u00f4le.<\/p><p>Lors de ces interventions, la parole y est libre et la confidentialit\u00e9 des situations \u00e9voqu\u00e9es et des acteurs y est respect\u00e9e.<\/p><p>Un temps de bilan avant tout renouvellement est r\u00e9alis\u00e9 avec le r\u00e9f\u00e9rent territorial.<\/p><p><strong><u>Public\u00a0:<\/u><\/strong> structures de la petite enfance (RPE, EAJE), de l\u2019enfance (ACM, \u00e9quipe p\u00e9riscolaire non d\u00e9clar\u00e9), de la jeunesse (ACM, accueil ou dynamique jeunesse).<\/p><p><strong><u>Dur\u00e9e\u00a0:<\/u><\/strong> le nombre de s\u00e9ances est variable en fonction du projet et du co\u00fbt de l\u2019intervenant.<\/p><p><strong><u>Co\u00fbt:<\/u><\/strong><\/p><ul><li>80% pris en charge par le PRH29 et 20% de reste \u00e0 charge par structure pour un prix plafond de 2000 \u20ac par an.<\/li><li>Si elle le souhaite, la structure peut compl\u00e9ter l\u2019offre en finan\u00e7ant par elle-m\u00eame des s\u00e9ances suppl\u00e9mentaires. Dans ce cas, la structure conventionne directement avec l\u2019intervenant.e sans signer de convention avec le PRH29.<\/li><\/ul><p>\u00a0<\/p><h3><span style=\"color: #ff6600\"><strong>5 Soutien \u00e0 l\u2019organisation de rencontre et de temps d\u2019\u00e9changes <\/strong><\/span><\/h3><p><span style=\"color: #ff6600\">En lien avec une situation d\u2019enfant suivi en lib\u00e9ral<\/span><\/p><p>Dans quelques situations, les enfants sont suivis par des professionnels en lib\u00e9ral (\u00e9ducateur.trice, m\u00e9diateur.trice, psychomotricien.ne, ergoth\u00e9rapeute, \u2026). Avec l\u2019accord de la famille, ces professionnels peuvent \u00eatre d\u2019une aide pr\u00e9cieuse pour r\u00e9fl\u00e9chir sur nos postures, pour mettre en place des outils facilitant un accueil de qualit\u00e9 pour l\u2019enfant.<\/p><p><strong><u>Modalit\u00e9s p\u00e9dagogiques\u00a0: <\/u><\/strong><\/p><p>Un temps d\u2019\u00e9changes avec le r\u00e9f\u00e9rent territorial du P\u00f4le Ressources est engag\u00e9 afin de d\u00e9finir le projet avec le professionnel responsable de la structure d\u2019accueil et les parents.<\/p><p>Une convention est ensuite sign\u00e9e entre le prestataire, la structure et le P\u00f4le Ressources. La convention est \u00e0 retirer aupr\u00e8s de chaque r\u00e9f\u00e9rent territorial du p\u00f4le.<\/p><p><strong><u>Public<\/u>\u00a0: <\/strong>enfant pr\u00e9sent sur des temps en structures collectives (EAJE, ACM, temps p\u00e9riscolaire d\u00e9clar\u00e9 ou non port\u00e9 par une collectivit\u00e9, dynamique jeunesse)<\/p><p style=\"text-align: center\"><strong>et<\/strong><\/p><p>Enfant suivi aupr\u00e8s d\u2019un professionnel <strong><u>en lib\u00e9ral<\/u><\/strong> (\u00e9ducateur.trice, m\u00e9diateur.trice, psychomotricien.ne, ergoth\u00e9rapeute, \u2026).<\/p><p>Les situations d\u2019enfants suivis par des CAMSP, des dispositifs SESSAD ou au sein de structures m\u00e9dico-sociales ne sont pas concern\u00e9es.<\/p><p><strong><u>Co\u00fbt:<\/u><\/strong> 100% pris en charge.<\/p><p>\u00a0<\/p><p><span style=\"color: #ff6600\">En lien avec une th\u00e9matique autour de la question de l\u2019inclusion n\u00e9cessitant la venue d\u2019un.e sp\u00e9cialiste<\/span><\/p><p>A l\u2019\u00e9chelle d\u2019un territoire, des r\u00e9flexions sont men\u00e9es sur la question de l\u2019inclusion des enfants, des pr\u00e9ados et des ados. Nous \u00a0 vous proposons \u00e9galement de soutenir ces temps HANDISCUSSION \u00e0 l\u2019\u00e9chelle d\u2019une commune, d\u2019un bassin de vie, \u00a0\u00a0 d\u2019une intercommunalit\u00e9.<\/p><p>Ce sont des rencontres avec les parents, les professionnels de la petite enfance, de l\u2019enfance ou de la jeunesse et parfois les \u00e9lus.<\/p><p>Leur objectif est d\u2019aborder des th\u00e9matiques li\u00e9es \u00e0 l\u2019inclusion comme par exemple\u00a0:<\/p><p>&#8211; les enjeux du premier accueil d\u2019un enfant en situation de handicap,<\/p><p>&#8211; la place et la posture lors de cet accueil<\/p><p>&#8211; les troubles DYs,<\/p><p>&#8211; etc.<\/p><p>Elle demande de mobiliser des intervenants sur des sujets n\u00e9cessitant une expertise.<\/p><p>Le P\u00f4le Ressources avec le soutien des collectivit\u00e9s peut soutenir financi\u00e8rement ses actions.<\/p><p>Les HANDISCUSSION sont des sessions de 2 heures ou chaque acteur est libre d\u2019intervenir.<\/p><p><strong><u>Modalit\u00e9s p\u00e9dagogiques\u00a0: <\/u><\/strong><\/p><p>Un temps d\u2019\u00e9changes avec le r\u00e9f\u00e9rent territorial du P\u00f4le Ressources est engag\u00e9 afin de d\u00e9finir le projet avec le professionnel du territoire (charg\u00e9.e de coop\u00e9ration, responsable petite enfance, enfance, jeunesse\u2026).<\/p><p>Une convention est ensuite sign\u00e9e entre le prestataire, la collectivit\u00e9 organisatrice (ou l\u2019association, si elle porte la coordination sur un territoire) et le P\u00f4le Ressources. La convention est \u00e0 retirer aupr\u00e8s de chaque r\u00e9f\u00e9rent territorial du p\u00f4le.<\/p><p><strong><u>Public\u00a0: <\/u><\/strong>Tous types\u00a0: parents, les professionnels de la petite enfance de l\u2019enfance ou de la jeunesse et parfois les \u00e9lus.<\/p><p><strong><u>Co\u00fbt:<\/u><\/strong><\/p><ul><li>100% pris en charge sous r\u00e9serve d\u2019un partenariat multiple et d\u2019une dynamique de travail \u00e0 l\u2019\u00e9chelle d\u2019un territoire.<\/li><\/ul>\t\t\t\t\t\t<\/div>\n\t\t\t\t<\/div>\n\t\t\t\t\t<\/div>\n\t\t<\/div>\n\t\t\t\t\t\t\t<\/div>\n\t\t<\/section>\n\t\t\t\t<section class=\"elementor-section elementor-top-section elementor-element elementor-element-c56c309 elementor-section-boxed elementor-section-height-default elementor-section-height-default\" data-id=\"c56c309\" data-element_type=\"section\">\n\t\t\t\t\t\t<div class=\"elementor-container elementor-column-gap-default\">\n\t\t\t\t\t<div class=\"elementor-column elementor-col-100 elementor-top-column elementor-element elementor-element-7a15560\" data-id=\"7a15560\" data-element_type=\"column\">\n\t\t\t<div class=\"elementor-widget-wrap elementor-element-populated\">\n\t\t\t\t\t\t\t\t<div class=\"elementor-element elementor-element-42f57bf elementor-widget elementor-widget-image\" data-id=\"42f57bf\" data-element_type=\"widget\" data-widget_type=\"image.default\">\n\t\t\t\t<div class=\"elementor-widget-container\">\n\t\t\t\t\t\t\t\t\t\t\t\t\t\t\t<img loading=\"lazy\" decoding=\"async\" width=\"550\" height=\"340\" src=\"https:\/\/www.pole-ressources-handicap29.fr\/app\/uploads\/sites\/66\/2022\/01\/Interventions-pedagogiques.jpeg\" class=\"attachment-medium_large size-medium_large wp-image-26048\" alt=\"Interventions p\u00e9dagogiques\" srcset=\"https:\/\/www.pole-ressources-handicap29.fr\/app\/uploads\/sites\/66\/2022\/01\/Interventions-pedagogiques.jpeg 550w, https:\/\/www.pole-ressources-handicap29.fr\/app\/uploads\/sites\/66\/2022\/01\/Interventions-pedagogiques-300x185.jpeg 300w\" sizes=\"(max-width: 550px) 100vw, 550px\" \/>\t\t\t\t\t\t\t\t\t\t\t\t\t\t\t<\/div>\n\t\t\t\t<\/div>\n\t\t\t\t\t<\/div>\n\t\t<\/div>\n\t\t\t\t\t\t\t<\/div>\n\t\t<\/section>\n\t\t\t\t\t\t\t<\/div>\n\t\t","protected":false},"excerpt":{"rendered":"<p>La sensibilisation des professionnels : 5 modalit\u00e9s d\u2019intervention \u00e0 votre service 1- Sensibilisation \u00e0 l\u2019accueil d\u2019enfants \u00e0 besoins sp\u00e9cifiques Module d\u2019une demi-journ\u00e9e \u00e0 deux jours Module \u00e0 la carte en fonction de vos attentes et de vos besoins 2- Temps d\u2019observation 3- Sensibilisation \u00e0 l\u2019emprunt des malles p\u00e9dagogiques 4- Appui \u00e0 l\u2019analyse de pratiques 5-&#8230;<\/p>\n","protected":false},"author":1238,"featured_media":0,"parent":0,"menu_order":0,"comment_status":"closed","ping_status":"closed","template":"","meta":{"_kad_post_transparent":"","_kad_post_title":"hide","_kad_post_layout":"fullwidth","_kad_post_sidebar_id":"","_kad_post_content_style":"unboxed","_kad_post_vertical_padding":"hide","_kad_post_feature":"hide","_kad_post_feature_position":"","_kad_post_header":false,"_kad_post_footer":false,"footnotes":""},"yoast_head":"<!-- This site is optimized with the Yoast SEO plugin v19.2 - https:\/\/yoast.com\/wordpress\/plugins\/seo\/ -->\n<title>Nos interventions p\u00e9dagogiques - PR29 Finist\u00e8re<\/title>\n<meta name=\"description\" content=\"Pour r\u00e9pondre aux besoins des professionnels, le PRH29 propose des services tels que des temps de sensibilisation, de l&#039;analyse de pratique...\" \/>\n<meta name=\"robots\" content=\"index, follow, max-snippet:-1, max-image-preview:large, max-video-preview:-1\" \/>\n<link rel=\"canonical\" href=\"https:\/\/www.pole-ressources-handicap29.fr\/nos-interventions-pedagogiques\/\" \/>\n<meta property=\"og:locale\" content=\"fr_FR\" \/>\n<meta property=\"og:type\" content=\"article\" \/>\n<meta property=\"og:url\" content=\"https:\/\/www.pole-ressources-handicap29.fr\/nos-interventions-pedagogiques\/\" \/>\n<meta property=\"og:site_name\" content=\"P\u00f4le Ressources Handicap 29\" \/>\n<meta property=\"article:modified_time\" content=\"2026-02-25T14:06:19+00:00\" \/>\n<meta property=\"og:image\" content=\"https:\/\/www.pole-ressources-handicap29.fr\/app\/uploads\/sites\/66\/2026\/02\/Image2-300x200.jpg\" \/>\n<meta name=\"author\" content=\"prh29\" \/>\n<meta name=\"twitter:card\" content=\"summary_large_image\" \/>\n<meta name=\"twitter:label1\" content=\"Est. reading time\" \/>\n\t<meta name=\"twitter:data1\" content=\"3 minutes\" \/>\n<script type=\"application\/ld+json\" class=\"yoast-schema-graph\">{\"@context\":\"https:\/\/schema.org\",\"@graph\":[{\"@type\":\"Organization\",\"@id\":\"https:\/\/www.pole-ressources-handicap29.fr\/#organization\",\"name\":\"P\u00f4le Ressources Handicap 29\",\"url\":\"https:\/\/www.pole-ressources-handicap29.fr\/\",\"sameAs\":[],\"logo\":{\"@type\":\"ImageObject\",\"inLanguage\":\"fr-FR\",\"@id\":\"https:\/\/www.pole-ressources-handicap29.fr\/#\/schema\/logo\/image\/\",\"url\":\"https:\/\/www.pole-ressources-handicap29.fr\/app\/uploads\/sites\/66\/2021\/04\/cropped-logo-PRH-29-1.jpg\",\"contentUrl\":\"https:\/\/www.pole-ressources-handicap29.fr\/app\/uploads\/sites\/66\/2021\/04\/cropped-logo-PRH-29-1.jpg\",\"width\":512,\"height\":512,\"caption\":\"P\u00f4le Ressources Handicap 29\"},\"image\":{\"@id\":\"https:\/\/www.pole-ressources-handicap29.fr\/#\/schema\/logo\/image\/\"}},{\"@type\":\"WebSite\",\"@id\":\"https:\/\/www.pole-ressources-handicap29.fr\/#website\",\"url\":\"https:\/\/www.pole-ressources-handicap29.fr\/\",\"name\":\"P\u00f4le Ressources Handicap 29\",\"description\":\"Service d\u00e9di\u00e9 aux familles et aux professionnels\",\"publisher\":{\"@id\":\"https:\/\/www.pole-ressources-handicap29.fr\/#organization\"},\"potentialAction\":[{\"@type\":\"SearchAction\",\"target\":{\"@type\":\"EntryPoint\",\"urlTemplate\":\"https:\/\/www.pole-ressources-handicap29.fr\/?s={search_term_string}\"},\"query-input\":\"required name=search_term_string\"}],\"inLanguage\":\"fr-FR\"},{\"@type\":\"ImageObject\",\"inLanguage\":\"fr-FR\",\"@id\":\"https:\/\/www.pole-ressources-handicap29.fr\/nos-interventions-pedagogiques\/#primaryimage\",\"url\":\"https:\/\/www.pole-ressources-handicap29.fr\/app\/uploads\/sites\/66\/2026\/02\/Image2.jpg\",\"contentUrl\":\"https:\/\/www.pole-ressources-handicap29.fr\/app\/uploads\/sites\/66\/2026\/02\/Image2.jpg\",\"width\":467,\"height\":311},{\"@type\":\"WebPage\",\"@id\":\"https:\/\/www.pole-ressources-handicap29.fr\/nos-interventions-pedagogiques\/#webpage\",\"url\":\"https:\/\/www.pole-ressources-handicap29.fr\/nos-interventions-pedagogiques\/\",\"name\":\"Nos interventions p\u00e9dagogiques - PR29 Finist\u00e8re\",\"isPartOf\":{\"@id\":\"https:\/\/www.pole-ressources-handicap29.fr\/#website\"},\"primaryImageOfPage\":{\"@id\":\"https:\/\/www.pole-ressources-handicap29.fr\/nos-interventions-pedagogiques\/#primaryimage\"},\"datePublished\":\"2022-01-04T08:32:10+00:00\",\"dateModified\":\"2026-02-25T14:06:19+00:00\",\"description\":\"Pour r\u00e9pondre aux besoins des professionnels, le PRH29 propose des services tels que des temps de sensibilisation, de l'analyse de pratique...\",\"breadcrumb\":{\"@id\":\"https:\/\/www.pole-ressources-handicap29.fr\/nos-interventions-pedagogiques\/#breadcrumb\"},\"inLanguage\":\"fr-FR\",\"potentialAction\":[{\"@type\":\"ReadAction\",\"target\":[\"https:\/\/www.pole-ressources-handicap29.fr\/nos-interventions-pedagogiques\/\"]}]},{\"@type\":\"BreadcrumbList\",\"@id\":\"https:\/\/www.pole-ressources-handicap29.fr\/nos-interventions-pedagogiques\/#breadcrumb\",\"itemListElement\":[{\"@type\":\"ListItem\",\"position\":1,\"name\":\"Nos interventions p\u00e9dagogiques\"}]}]}<\/script>\n<!-- \/ Yoast SEO plugin. -->","yoast_head_json":{"title":"Nos interventions p\u00e9dagogiques - PR29 Finist\u00e8re","description":"Pour r\u00e9pondre aux besoins des professionnels, le PRH29 propose des services tels que des temps de sensibilisation, de l'analyse de pratique...","robots":{"index":"index","follow":"follow","max-snippet":"max-snippet:-1","max-image-preview":"max-image-preview:large","max-video-preview":"max-video-preview:-1"},"canonical":"https:\/\/www.pole-ressources-handicap29.fr\/nos-interventions-pedagogiques\/","og_locale":"fr_FR","og_type":"article","og_url":"https:\/\/www.pole-ressources-handicap29.fr\/nos-interventions-pedagogiques\/","og_site_name":"P\u00f4le Ressources Handicap 29","article_modified_time":"2026-02-25T14:06:19+00:00","og_image":[{"url":"https:\/\/www.pole-ressources-handicap29.fr\/app\/uploads\/sites\/66\/2026\/02\/Image2-300x200.jpg"}],"author":"prh29","twitter_card":"summary_large_image","twitter_misc":{"Est. reading time":"3 minutes"},"schema":{"@context":"https:\/\/schema.org","@graph":[{"@type":"Organization","@id":"https:\/\/www.pole-ressources-handicap29.fr\/#organization","name":"P\u00f4le Ressources Handicap 29","url":"https:\/\/www.pole-ressources-handicap29.fr\/","sameAs":[],"logo":{"@type":"ImageObject","inLanguage":"fr-FR","@id":"https:\/\/www.pole-ressources-handicap29.fr\/#\/schema\/logo\/image\/","url":"https:\/\/www.pole-ressources-handicap29.fr\/app\/uploads\/sites\/66\/2021\/04\/cropped-logo-PRH-29-1.jpg","contentUrl":"https:\/\/www.pole-ressources-handicap29.fr\/app\/uploads\/sites\/66\/2021\/04\/cropped-logo-PRH-29-1.jpg","width":512,"height":512,"caption":"P\u00f4le Ressources Handicap 29"},"image":{"@id":"https:\/\/www.pole-ressources-handicap29.fr\/#\/schema\/logo\/image\/"}},{"@type":"WebSite","@id":"https:\/\/www.pole-ressources-handicap29.fr\/#website","url":"https:\/\/www.pole-ressources-handicap29.fr\/","name":"P\u00f4le Ressources Handicap 29","description":"Service d\u00e9di\u00e9 aux familles et aux professionnels","publisher":{"@id":"https:\/\/www.pole-ressources-handicap29.fr\/#organization"},"potentialAction":[{"@type":"SearchAction","target":{"@type":"EntryPoint","urlTemplate":"https:\/\/www.pole-ressources-handicap29.fr\/?s={search_term_string}"},"query-input":"required name=search_term_string"}],"inLanguage":"fr-FR"},{"@type":"ImageObject","inLanguage":"fr-FR","@id":"https:\/\/www.pole-ressources-handicap29.fr\/nos-interventions-pedagogiques\/#primaryimage","url":"https:\/\/www.pole-ressources-handicap29.fr\/app\/uploads\/sites\/66\/2026\/02\/Image2.jpg","contentUrl":"https:\/\/www.pole-ressources-handicap29.fr\/app\/uploads\/sites\/66\/2026\/02\/Image2.jpg","width":467,"height":311},{"@type":"WebPage","@id":"https:\/\/www.pole-ressources-handicap29.fr\/nos-interventions-pedagogiques\/#webpage","url":"https:\/\/www.pole-ressources-handicap29.fr\/nos-interventions-pedagogiques\/","name":"Nos interventions p\u00e9dagogiques - PR29 Finist\u00e8re","isPartOf":{"@id":"https:\/\/www.pole-ressources-handicap29.fr\/#website"},"primaryImageOfPage":{"@id":"https:\/\/www.pole-ressources-handicap29.fr\/nos-interventions-pedagogiques\/#primaryimage"},"datePublished":"2022-01-04T08:32:10+00:00","dateModified":"2026-02-25T14:06:19+00:00","description":"Pour r\u00e9pondre aux besoins des professionnels, le PRH29 propose des services tels que des temps de sensibilisation, de l'analyse de pratique...","breadcrumb":{"@id":"https:\/\/www.pole-ressources-handicap29.fr\/nos-interventions-pedagogiques\/#breadcrumb"},"inLanguage":"fr-FR","potentialAction":[{"@type":"ReadAction","target":["https:\/\/www.pole-ressources-handicap29.fr\/nos-interventions-pedagogiques\/"]}]},{"@type":"BreadcrumbList","@id":"https:\/\/www.pole-ressources-handicap29.fr\/nos-interventions-pedagogiques\/#breadcrumb","itemListElement":[{"@type":"ListItem","position":1,"name":"Nos interventions p\u00e9dagogiques"}]}]}},"featured_image_src_large":false,"author_info":{"display_name":"prh29","author_link":"https:\/\/www.pole-ressources-handicap29.fr\/author\/prh29\/"},"comment_info":0,"taxonomy_info":[],"_links":{"self":[{"href":"https:\/\/www.pole-ressources-handicap29.fr\/api\/wp\/v2\/pages\/25805"}],"collection":[{"href":"https:\/\/www.pole-ressources-handicap29.fr\/api\/wp\/v2\/pages"}],"about":[{"href":"https:\/\/www.pole-ressources-handicap29.fr\/api\/wp\/v2\/types\/page"}],"author":[{"embeddable":true,"href":"https:\/\/www.pole-ressources-handicap29.fr\/api\/wp\/v2\/users\/1238"}],"replies":[{"embeddable":true,"href":"https:\/\/www.pole-ressources-handicap29.fr\/api\/wp\/v2\/comments?post=25805"}],"version-history":[{"count":3,"href":"https:\/\/www.pole-ressources-handicap29.fr\/api\/wp\/v2\/pages\/25805\/revisions"}],"predecessor-version":[{"id":26927,"href":"https:\/\/www.pole-ressources-handicap29.fr\/api\/wp\/v2\/pages\/25805\/revisions\/26927"}],"wp:attachment":[{"href":"https:\/\/www.pole-ressources-handicap29.fr\/api\/wp\/v2\/media?parent=25805"}],"curies":[{"name":"wp","href":"https:\/\/api.w.org\/{rel}","templated":true}]}}